{"id":6456,"date":"2023-12-11T20:35:50","date_gmt":"2023-12-11T20:35:50","guid":{"rendered":"https:\/\/frequence-tv.ch\/?page_id=6456"},"modified":"2023-12-11T20:38:50","modified_gmt":"2023-12-11T20:38:50","slug":"declaration-de-protection-des-donnees","status":"publish","type":"page","link":"https:\/\/frequence-tv.ch\/en\/declaration-de-protection-des-donnees\/","title":{"rendered":"D\u00e9claration de protection des donn\u00e9es"},"content":{"rendered":"<div class=\"wpb-content-wrapper\"><p>[vc_row][vc_column][vc_column_text text_larger=&#8221;no&#8221;]<\/p>\n<h2><strong><u>D\u00e9claration de protection des donn\u00e9es<\/u><\/strong><\/h2>\n<h1><strong><u>1. Fr\u00e9quence TV SA<\/u><\/strong><\/h1>\n<p>La protection des donn\u00e9es est essentielle pour Fr\u00e9quence TV SA.<\/p>\n<p>Les informations suivantes vous donnent une vue d\u2019ensemble sur ce qui se passe avec vos donn\u00e9es personnelles lorsque vous prenez contact ou collaborez avec nous. Nous vous communiquons les donn\u00e9es personnelles que nous collectons et traitons, leurs finalit\u00e9s, les personnes qui y ont acc\u00e8s, leur dur\u00e9e de conservation ainsi que les droits dont vous disposez dans le cadre du traitement de vos donn\u00e9es personnelles.<\/p>\n<p>La pr\u00e9sente d\u00e9claration de protection des donn\u00e9es se fonde sur la loi sur la protection des donn\u00e9es suisse (LPD) et le R\u00e8glement g\u00e9n\u00e9ral sur la protection des donn\u00e9es europ\u00e9en (RGPD). L\u2019application du RGPD aux diff\u00e9rents processus de traitement d\u00e9pend toutefois de chaque cas.<\/p>\n<h3><strong><u>1.1 Entit\u00e9 responsable<\/u><\/strong><\/h3>\n<p>L\u2019entit\u00e9 responsable (ci-apr\u00e8s le\u00a0: Responsable) est\u00a0:<\/p>\n<p>Fr\u00e9quence TV SA<\/p>\n<p>Route de Champ-Colin 2a, 1260 Nyon.<\/p>\n<p>CHE-110.611.074.<\/p>\n<h3><strong><u>2. Utilisation des donn\u00e9es personnelles et \u00e0 quelles fins<\/u><\/strong><\/h3>\n<p>Lorsque vous utilisez notre site internet ou d\u00e9poser une candidature par exemple, vous nous laissez des informations qui peuvent \u00eatre des donn\u00e9es personnelles.<\/p>\n<p>La pr\u00e9sente d\u00e9claration de protection des donn\u00e9es s\u2019applique \u00e0 tous les processus de traitement de donn\u00e9es personnelles au sein de Fr\u00e9quence TV SA.<\/p>\n<p>&nbsp;<\/p>\n<h3><strong><u>2.1 Les cat\u00e9gories de donn\u00e9es personnelles qui sont trait\u00e9es.<\/u><\/strong><\/h3>\n<p>Les donn\u00e9es personnelles sont les informations qui se rapportent \u00e0 une personne identifi\u00e9e ou identifiable et avec lesquelles il est possible de vous identifier personnellement.<\/p>\n<p>Nous traitons les cat\u00e9gories de donn\u00e9es personnelles suivantes aux fins d\u00e9crites ci-apr\u00e8s :<\/p>\n<h4>I.\u00a0\u00a0\u00a0\u00a0\u00a0\u00a0\u00a0\u00a0\u00a0\u00a0\u00a0\u00a0 <u>Donn\u00e9es de base<\/u><\/h4>\n<p>Il s\u2019agit de votre nom, votre num\u00e9ro de t\u00e9l\u00e9phone, votre adresse ou adresse \u00e9lectronique, de copies de pi\u00e8ces d\u2019identit\u00e9 officielles ainsi que d&#8217;autres informations personnelles que vous nous communiquez.<\/p>\n<h4>II.\u00a0\u00a0\u00a0\u00a0\u00a0\u00a0\u00a0\u00a0\u00a0\u00a0\u00a0 <u>Donn\u00e9es contractuelles<\/u><\/h4>\n<p>Il s\u2019agit par exemple des donn\u00e9es trait\u00e9es lors de la pr\u00e9paration et de la conclusion des contrats. Entrent notamment dans cette cat\u00e9gorie aussi bien les donn\u00e9es relatives aux client.es, fournisseurs et candidat.es que les donn\u00e9es de facturation, d\u2019assurance, d\u2019ordre financier et fiscal, ainsi que toutes les donn\u00e9es que nous sommes l\u00e9galement tenus de traiter.<\/p>\n<h4>III.\u00a0\u00a0\u00a0\u00a0\u00a0\u00a0\u00a0\u00a0\u00a0 <u>Donn\u00e9es de communication<\/u><\/h4>\n<p>Lorsque vous prenez contact avec nous, nous traitons, en fonction du motif et du mode de prise de contact, les contenus de courriers postaux, courrier \u00e9lectronique, les messages de chat, les posts des r\u00e9seaux sociaux, les commentaires sur nos sites, les conversations t\u00e9l\u00e9phoniques, les vid\u00e9oconf\u00e9rences et les documents \u00e9crits.<\/p>\n<h4>IV.\u00a0\u00a0\u00a0\u00a0\u00a0\u00a0\u00a0\u00a0\u00a0 <u>Donn\u00e9es d\u2019analyse et d\u2019utilisation<\/u><\/h4>\n<p>Il s\u2019agit des donn\u00e9es que nous utilisons par l\u2019interm\u00e9diaire de cookies par exemple lorsque vous consultez nos sites internet: nous enregistrons le moment auquel vous visitez nos sites, la page que vous avez visit\u00e9e pr\u00e9c\u00e9demment, la dur\u00e9e de votre visite, ce que vous consultez pendant cette dur\u00e9e et sur quelle page vous vous rendez ensuite.<\/p>\n<p>Se r\u00e9f\u00e9rer \u00e0 l\u2019article 5 du pr\u00e9sent contrat concernant les cookies.<\/p>\n<h4>V.\u00a0\u00a0\u00a0\u00a0\u00a0\u00a0\u00a0\u00a0\u00a0\u00a0 <u>Donn\u00e9es techniques<\/u><\/h4>\n<p>Lorsque vous utilisez nos sites, nous collectons des donn\u00e9es techniques, telles que votre adresse IP et vos donn\u00e9es de connexion, ou selon le site nous vous attribuons un identifiant utilisateur. Nous pouvons aussi utiliser des cookies. Lorsque vous consultez notre offre, il n\u2019est en principe pas possible d\u2019\u00e9tablir un lien avec votre personne.<\/p>\n<h4>VI.\u00a0\u00a0\u00a0\u00a0\u00a0\u00a0\u00a0\u00a0\u00a0 <u>Fichiers Journaux (Logfiles)<\/u><\/h4>\n<p>Chaque fois que vous utilisez Internet, votre navigateur transmet automatiquement un certain nombre de donn\u00e9es que nous enregistrons dans des fichiers journaux.<\/p>\n<ol>\n<li>Informations sur le type de navigateur et la version utilis\u00e9e<\/li>\n<li>Syst\u00e8me d\u2019exploitation de l\u2019utilisateur<\/li>\n<li>Fournisseur de services Internet de l\u2019utilisateur<\/li>\n<li>Adresse IP de l\u2019utilisateur<\/li>\n<li>Date et heure de l\u2019acc\u00e8s<\/li>\n<li>Sites web \u00e0 partir desquels le syst\u00e8me de l\u2019utilisateur a acc\u00e9d\u00e9 \u00e0 notre site<\/li>\n<li>Sites web auxquels le syst\u00e8me de l\u2019utilisateur acc\u00e8de \u00e0 partir de notre site<\/li>\n<li>Nom du fichier consult\u00e9<\/li>\n<li>Volume de donn\u00e9es transmis<\/li>\n<li>Notification quant au succ\u00e8s de la consultation<\/li>\n<\/ol>\n<p>&nbsp;<\/p>\n<h3><strong>2.2 <\/strong><strong><u>A quelles fins les donn\u00e9es sont trait\u00e9es.<\/u><\/strong><\/h3>\n<h4>I.\u00a0\u00a0\u00a0\u00a0\u00a0\u00a0\u00a0\u00a0\u00a0\u00a0\u00a0\u00a0 <u>Parce que c\u2019est n\u00e9cessaire pour ex\u00e9cuter l\u2019accord entre nous.<\/u><\/h4>\n<p>Les donn\u00e9es recueillies telles que par exemple votre nom et votre adresse servent pour ex\u00e9cuter une commande correctement, communiquer sur celle-ci et pour en traiter le paiement.<\/p>\n<ol>\n<li><u>Sur la base d\u2019une obligation l\u00e9gale<\/u><\/li>\n<\/ol>\n<p>Dans certaines circonstances Fr\u00e9quence TV SA est oblig\u00e9 par la loi de traiter certaines donn\u00e9es, par exemple pour r\u00e9diger et conserver des factures ou alors de conserver certains documents.<\/p>\n<ul>\n<li><u>Sur la base de notre propre int\u00e9r\u00eat comme entreprise<\/u><\/li>\n<\/ul>\n<p>Nous collectons ces donn\u00e9es en effectuant une mesure de l\u2019utilisation anonymis\u00e9e. Nous collectons et utilisons les donn\u00e9es, d\u2019une part, pour la mise \u00e0 disposition correcte de nos sites et de nos applications.<\/p>\n<p>D\u2019autre part, nous utilisons et analysons les donn\u00e9es anonymis\u00e9es afin d\u2019optimiser nos offres, et r\u00e9aliser des \u00e9tudes de march\u00e9 et des mesures d\u2019audience. Les donn\u00e9es sont \u00e9galement int\u00e9gr\u00e9es dans la sauvegarde de vos pr\u00e9f\u00e9rences.<\/p>\n<p>Gr\u00e2ce au traitement de ces donn\u00e9es, nous nous assurons que nos offres correspondent aux diff\u00e9rents int\u00e9r\u00eats de notre public. Nous mesurons l&#8217;utilisation de nos offres dans un but d\u2019optimisation et d\u2019ex\u00e9cution conforme aux attentes de ce dernier.<\/p>\n<ol>\n<li><u>A des fins de s\u00e9curit\u00e9<\/u><\/li>\n<\/ol>\n<p>Nous traitons vos donn\u00e9es personnelles afin de garantir la s\u00e9curit\u00e9 de nos syst\u00e8mes informatiques et des donn\u00e9es de nos utilisateurs. Il s\u2019agit en particulier de donn\u00e9es techniques, ainsi que des Logfiles.<\/p>\n<h3><strong><u>3. Transferts de donn\u00e9es personnelles \u00e0 des entreprises tierces<\/u><\/strong><\/h3>\n<p>L\u2019ensemble de vos donn\u00e9es personnelles recueillies lorsque vous prenez contact avec Fr\u00e9quence TV SA sont communiqu\u00e9es \u00e0 des entreprises tierces lorsque la finalit\u00e9 du traitement l\u2019impose. Vous avez en tout temps la possibilit\u00e9 de refuser ce traitement si aucun autre motif juridique ne s\u2019y oppose.<\/p>\n<p>De plus, nous pouvons transf\u00e9rer des donn\u00e9es \u00e0 des tiers si nous y sommes contraints en vertu de dispositions l\u00e9gales ou d\u2019une d\u00e9cision administrative ou judiciaire correspondante.<\/p>\n<p>Dans le cadre du traitement des donn\u00e9es, nous faisons appel \u00e0 des prestataires g\u00e9n\u00e9ralement mandat\u00e9s en qualit\u00e9 de sous-traitants. Dans ce cadre, ils sont tenus de traiter les donn\u00e9es personnelles des utilisateurs de notre offre en ligne selon nos instructions et de prendre des mesures ad\u00e9quates pour en garantir la s\u00e9curit\u00e9. Votre adresse \u00e9lectronique pourra par exemple \u00eatre communiqu\u00e9e \u00e0 un prestataire afin qu\u2019il puisse vous faire parvenir la newsletter \u00e0 laquelle vous vous \u00eates inscrit.<\/p>\n<p>En principe, nous communiquons vos donn\u00e9es personnelles \u00e0 des tiers en dehors de Fr\u00e9quence TV SA uniquement si nous disposons de votre consentement ou si nous avons un int\u00e9r\u00eat l\u00e9gitime. Nous ne vendons pas vos donn\u00e9es personnelles \u00e0 des tiers.<\/p>\n<h3><strong><u>3.1Les donn\u00e9es personnelles sont-elles communiqu\u00e9es \u00e0 des destinataires se trouvant dans un pays tiers (hors CH\/UE\/EEE\/AELE) ?<\/u><\/strong><\/h3>\n<p>Nous transf\u00e9rons des donn\u00e9es personnelles \u00e9galement \u00e0 des tiers, soit des sous-traitants, qui ont leur si\u00e8ge hors de Suisse mais dans les pays de l\u2019UE \/EEE\/AELE.<\/p>\n<p>Dans ce cas, nous v\u00e9rifions, avant de communiquer les donn\u00e9es, si le destinataire offre un niveau ad\u00e9quat de protection des donn\u00e9es (par exemple en recourant aux clauses contractuelles types de l\u2019Union europ\u00e9enne en tenant compte des recommandations du Pr\u00e9pos\u00e9 f\u00e9d\u00e9ral \u00e0 la protection des donn\u00e9es et \u00e0 la transparence en la mati\u00e8re).<\/p>\n<ol start=\"4\">\n<li><strong><u> Plateformes tierces<\/u><\/strong><\/li>\n<\/ol>\n<p>Nous sommes pr\u00e9sents sur des plateformes tierces telles que Facebook, Linkedin, et Instagram. Nous n\u2019avons aucune influence sur l\u2019&#8217;approche de ces plateformes tierces en mati\u00e8re de droit de la protection des donn\u00e9es.<\/p>\n<p>Les op\u00e9rateurs de ces plateformes tierces (par exemple dans le cas de Facebook: Meta) traitent vos donn\u00e9es \u00e0 leurs propres fins. Vous trouverez de plus amples d\u00e9tails dans les informations relatives \u00e0 la protection des donn\u00e9es des op\u00e9rateurs.<\/p>\n<p>Nous ne recevons de ces exploitants de plateformes qu&#8217;une \u00e9valuation anonymis\u00e9e des donn\u00e9es d&#8217;utilisation. Nous n&#8217;obtenons pas de profil d&#8217;utilisateur traitant des donn\u00e9es \u00e0 caract\u00e8re personnelles. Les statistiques d\u2019utilisation anonymes nous permettent de mieux orienter notre offre en fonction des besoins et des int\u00e9r\u00eats de notre public.<\/p>\n<p>A ces fins, Meta\/Facebook met par exemple \u00e0 notre disposition les donn\u00e9es suivantes (anonymis\u00e9es et regroup\u00e9es par groupe): \u00e2ge, sexe, lieu de r\u00e9sidence (nation et r\u00e9gion \/ ville) ou l\u2019heure de l\u2019utilisation, interaction en contexte par des posts (par exemple r\u00e9actions, commentaires, taux de clics, vues, partages), dur\u00e9e de visualisation des vid\u00e9os, appareils utilis\u00e9s, syst\u00e8mes d\u2019exploitation, logiciels, lieu de la consultation, historique d\u2019utilisation (offres en ligne r\u00e9f\u00e9rentes), langue, int\u00e9r\u00eats\/th\u00e8mes.<\/p>\n<p>Nous attirons votre attention sur le fait que les op\u00e9rateurs de ces plateformes sont principalement des entreprises am\u00e9ricaines et que les donn\u00e9es dont ils disposent peuvent donc \u00eatre aussi trait\u00e9es en dehors de Suisse et de l\u2019Union europ\u00e9enne. Les d\u00e9clarations de protection des donn\u00e9es des diff\u00e9rents fournisseurs r\u00e8glent plus pr\u00e9cis\u00e9ment ces questions.<\/p>\n<p><strong><u>4.1 Fournisseurs tiers<\/u><\/strong><\/p>\n<p>Voici la liste des fournisseurs tiers qui peuvent \u00eatre amen\u00e9s \u00e0 stocker ou analyser vos donn\u00e9es dans le cadre de notre activit\u00e9<\/p>\n<ul>\n<li><a href=\"https:\/\/www.facebook.com\/privacy\/policy\/\">Facebook<\/a><\/li>\n<li><a href=\"https:\/\/www.youtube.com\/intl\/fr_be\/howyoutubeworks\/user-settings\/privacy\/\">YouTube<\/a><\/li>\n<li><a href=\"https:\/\/policies.google.com\/privacy?hl=fr\">Google<\/a><\/li>\n<li><a href=\"https:\/\/about.instagram.com\/safety\">Instagram<\/a><\/li>\n<li>Zoho<\/li>\n<li>design<\/li>\n<li>Winbiz Fiducial<\/li>\n<li><a href=\"https:\/\/fr.linkedin.com\/legal\/privacy-policy?\">LinkedIn<\/a><\/li>\n<li>Digital Canion<\/li>\n<\/ul>\n<h3><strong><u>5. Cookies<\/u><\/strong><\/h3>\n<p>Outre les donn\u00e9es mentionn\u00e9es dans notre d\u00e9claration de protection des donn\u00e9es, nous utilisons des moyens techniques pour diff\u00e9rentes fonctions, notamment des cookies qui peuvent \u00eatre enregistr\u00e9s sur votre appareil, quand vous utilisez nos sites et nos applications.<\/p>\n<p>Les cookies sont des fichiers texte ou des informations enregistr\u00e9s sur votre disque dur et sont rattach\u00e9s au navigateur que vous utilisez de sorte que des informations puissent parvenir \u00e0 l\u2019entit\u00e9 qui les place. Les cookies ne peuvent pas ex\u00e9cuter de logiciels, ni transf\u00e9rer de virus sur votre ordinateur, mais servent avant tout \u00e0 concevoir une offre en ligne plus rapide et plus conviviale.<\/p>\n<p>Lorsque vous visitez notre site internet pour la premi\u00e8re fois, un message est affich\u00e9 qui vous explique pourquoi nous utilisons des cookies (le cookie banner).<\/p>\n<p>Vous pouvez toujours modifier vos pr\u00e9f\u00e9rences en mati\u00e8re de cookies dans cette banni\u00e8re\u00a0: <u>Cookie Settings.<\/u><\/p>\n<p>Vous pouvez vous-m\u00eame supprimer les cookies via votre navigateur internet. Les param\u00e8tres standard de votre navigateur sont g\u00e9n\u00e9ralement d\u00e9finis pour qu\u2019ils acceptent tous les cookies. Dans la fonction d\u2019aide de votre navigateur, vous trouverez des informations compl\u00e8tes sur tous les cookies sp\u00e9cifiques.<\/p>\n<p>Veuillez noter que si vous bloquez les cookies ou si vous vous opposez \u00e0 leur utilisation, nos pages web ne fonctionneront plus dans leur int\u00e9gralit\u00e9 et vous ne pourrez peut-\u00eatre plus utiliser tous les services de notre offre.<\/p>\n<h3><strong><u>6. P\u00e9riode de conservation<\/u><\/strong><\/h3>\n<p>Nous conservons vos donn\u00e9es le temps n\u00e9cessaire \u00e0 la fourniture de nos offres et prestations correspondantes ou selon notre int\u00e9r\u00eat l\u00e9gitime \u00e0 la conservation de ces donn\u00e9es, dans la limite des d\u00e9lais l\u00e9gaux.<\/p>\n<p>A la fin des p\u00e9riodes l\u00e9gale, les donn\u00e9es personnelles seront rendues anonyme ou inutilisable, ou effac\u00e9es, sauf si certaines donn\u00e9es doivent \u00eatre conserv\u00e9es plus longtemps afin de respecter nos obligations l\u00e9gales, r\u00e9soudre des litiges, appliquer nos accords ou si une obligation l\u00e9gale nous oblige \u00e0 les conserver.<\/p>\n<p>Dans tous les autres cas, nous effa\u00e7ons vos donn\u00e9es personnelles si aucune obligation l\u00e9gale (par exemple des obligations de conservation d\u00e9finies par le droit commercial, fiscal ou des assurances sociales) ne nous oblige \u00e0 les conserver.\u202f<\/p>\n<h3><strong><u>7. S\u00e9curisation de vos donn\u00e9es<\/u><\/strong><\/h3>\n<p>Fr\u00e9quence TV SA est responsable du traitement des donn\u00e9es personnelles.<\/p>\n<p>Vous pouvez nous contacter \u00e0 cet effet \u00e0 l\u2019adresse <a href=\"mailto:protectiondesdonnees@frequence-tv.ch\">protectiondesdonnees@frequence-tv.ch<\/a><\/p>\n<ol start=\"8\">\n<li><strong><u> Mineurs<\/u><\/strong><\/li>\n<\/ol>\n<p>Si vous avez 16 ans ou moins, vous ne pouvez utiliser notre site Internet que sous supervision de vos parents ou repr\u00e9sentants l\u00e9gaux.<\/p>\n<h3><strong><u>9. Modification de cette d\u00e9claration de confidentialit\u00e9<\/u><\/strong><\/h3>\n<p>Fr\u00e9quence TV SA se r\u00e9serve le droit de r\u00e9viser en tout temps les pr\u00e9sentes dispositions relatives \u00e0 la protection des donn\u00e9es.<\/p>\n<p>Ces changements seront publi\u00e9s sur notre site Internet.<\/p>\n<p>Il est donc conseill\u00e9 de consulter cette d\u00e9claration de confidentialit\u00e9 pour rester inform\u00e9 de ces changements.<\/p>\n<h3><strong><u>10. Vos droits<\/u><\/strong><\/h3>\n<p>Pour les donn\u00e9es personnelles que nous collectons, vous pouvez exercer les droits suivants :\u00a0<\/p>\n<ol>\n<li><u>Acc\u00e8s, rectifier et supprimer vos donn\u00e9es, opposition et portabilit\u00e9 de vos donn\u00e9es et\/ou de leur traitement\u00a0<\/u><\/li>\n<\/ol>\n<p>Vous avez le droit de :\u00a0<\/p>\n<ul>\n<li>obtenir des informations sur nos traitements de vos donn\u00e9es personnelles et\/ou obtenir une copie des donn\u00e9es personnelles que nous d\u00e9tenons \u00e0 votre sujet (droit d&#8217;acc\u00e8s) ;<\/li>\n<li>mettre \u00e0 jour toute inexactitude dans les donn\u00e9es personnelles que nous d\u00e9tenons \u00e0 votre sujet (droit de rectification) ;<\/li>\n<li>faire effacer vos donn\u00e9es personnelles si nous ne sommes plus autoris\u00e9s \u00e0 les utiliser l\u00e9galement, si elles ne sont plus n\u00e9cessaires au regard des fins ou si vous avez exerc\u00e9 votre droit d&#8217;opposition au traitement (droit \u00e0 l&#8217;effacement) ;<\/li>\n<\/ul>\n<ul>\n<li>s&#8217;opposer au traitement fond\u00e9 sur nos int\u00e9r\u00eats l\u00e9gitimes, \u00e0 moins que nos raisons de le faire ne l&#8217;emportent sur les int\u00e9r\u00eats, droits et libert\u00e9s que vous pouvez avoir (droit d&#8217;opposition)\u00a0;<\/li>\n<li>transf\u00e9rer vos donn\u00e9es personnelles \u00e0 un tiers dans un format standardis\u00e9 lisible par machine (droit \u00e0 la portabilit\u00e9 des donn\u00e9es).<\/li>\n<\/ul>\n<p>Ces droits ne sont pas absolus et nous vous ferons savoir si nous pensons qu&#8217;ils s&#8217;appliquent \u00e0 vous dans notre correspondance.\u00a0<\/p>\n<p>En r\u00e9ponse \u00e0 une demande, nous pouvons vous demander de v\u00e9rifier votre identit\u00e9 et de fournir des informations qui nous aideront \u00e0 mieux comprendre votre demande. Une fois que nous aurons obtenu les informations n\u00e9cessaires de votre part et que nous aurons conclu que votre demande est valable, nous vous r\u00e9pondrons dans un d\u00e9lai d&#8217;un mois \u00e0 compter de la r\u00e9ception de la demande.\u00a0<\/p>\n<ol>\n<li><u>Retrait du consentement\u00a0<\/u><\/li>\n<\/ol>\n<p>Si nous traitons des donn\u00e9es personnelles sur la base de votre consentement, vous avez le droit de retirer votre consentement \u00e0 tout moment, sans pr\u00e9judice de la l\u00e9gitimit\u00e9 du traitement fond\u00e9 sur votre consentement avant le retrait.\u00a0<\/p>\n<ul>\n<li><u>Droit d\u2019opposition au traitement de vos donn\u00e9es personnelles pour des fins de marketing\u00a0<\/u><\/li>\n<\/ul>\n<p>Vous disposez d\u2019un droit d\u2019opposition, sans justification, au traitement de vos donn\u00e9es personnelles \u00e0 des fins de marketing direct ou de prospection.\u00a0<\/p>\n<ol>\n<li><u>Droit \u00e0 la restriction du traitement\u00a0<\/u><\/li>\n<\/ol>\n<p>Vous avez le droit de restreindre le traitement de vos donn\u00e9es si vous contestez l&#8217;exactitude des donn\u00e9es, si vous vous opposez \u00e0 l&#8217;effacement des donn\u00e9es et demandez plut\u00f4t de limiter leur utilisation, ou si les donn\u00e9es ne sont plus n\u00e9cessaires au traitement, mais vous en avez toujours besoin pour intenter, exercer ou justifier une action en justice, ou si vous vous \u00eates oppos\u00e9 au traitement (dans l&#8217;attente de notre r\u00e9ponse).\u00a0<\/p>\n<ol>\n<li><u>Exercer ces droits Pour exercer les 2 derniers droits, veuillez contacter le service client\u00e8le via le formulaire de contact.\u00a0<\/u><\/li>\n<\/ol>\n<p>Vous avez la possibilit\u00e9 de nous envoyer votre requ\u00eate ou une demande de renseignement par \u00e9crit en joignant une copie de votre carte d&#8217;identit\u00e9 ou de votre passeport \u00e0 notre adresse postale :<\/p>\n<p>Fr\u00e9quence TV SA, Route de Champ-Colin 2a, 1260 Nyon<\/p>\n<p>Si vous nous transmettez une requ\u00eate ou une demande de renseignement pour une autre personne, vous devez pr\u00e9senter une procuration ou une autre d\u00e9claration correspondante mentionnant explicitement le droit relatif \u00e0 la protection des donn\u00e9es concern\u00e9 qui est exerc\u00e9.<\/p>\n<p>Vous pouvez aussi nous contacter par courriel, en tenant compte dans ce cas que les donn\u00e9es transmises ne sont pas chiffr\u00e9es et que nous vous r\u00e9pondons par le m\u00eame mode de contact: protectiondesdonnees@frequence-tv.ch<\/p>\n<h3><strong><u>11. R\u00e9clamation<\/u><\/strong><\/h3>\n<p>Si vous souhaitez obtenir des renseignements au sujet de la protection des donn\u00e9es ou si vous avez des suggestions, n\u2019h\u00e9sitez pas \u00e0 vous adresser \u00e0 nous en envoyant un e-mail \u00e0 protectiondesdonnees@frequence-tv.ch<\/p>\n<p>Au cas o\u00f9 vous souhaiteriez nous contacter, voici nos coordonn\u00e9es:<\/p>\n<p>Fr\u00e9quence TV SA<\/p>\n<p>Route de Champ-Colin 2a<\/p>\n<p>1260 Nyon<\/p>\n<p>T\u00e9l.: +41 22 369 42 02<br \/>E-mail: <a href=\"mailto:protectiondesdonnes@frequence-tv.ch\">protectiondesdonnees@frequence-tv.ch<\/a><\/p>\n<p>Par ailleurs, vous avez la possibilit\u00e9 d\u2019adresser une plainte \u00e0 l\u2019autorit\u00e9 de surveillance, en l\u2019occurrence le Pr\u00e9pos\u00e9 f\u00e9d\u00e9ral \u00e0 la protection des donn\u00e9es et \u00e0 la transparence (PFPDT), Feldeggweg 1, CH-3003 Berne.<\/p>\n<p>[\/vc_column_text][\/vc_column][\/vc_row]<\/p>\n<\/div>","protected":false},"excerpt":{"rendered":"<p>[vc_row][vc_column][vc_column_text text_larger=&#8221;no&#8221;] D\u00e9claration de protection des donn\u00e9es 1. Fr\u00e9quence TV SA La protection des donn\u00e9es est essentielle pour Fr\u00e9quence TV<\/p>\n","protected":false},"author":1,"featured_media":0,"parent":0,"menu_order":0,"comment_status":"closed","ping_status":"closed","template":"","meta":{"footnotes":""},"class_list":["post-6456","page","type-page","status-publish","hentry"],"aioseo_notices":[],"_links":{"self":[{"href":"https:\/\/frequence-tv.ch\/en\/wp-json\/wp\/v2\/pages\/6456","targetHints":{"allow":["GET"]}}],"collection":[{"href":"https:\/\/frequence-tv.ch\/en\/wp-json\/wp\/v2\/pages"}],"about":[{"href":"https:\/\/frequence-tv.ch\/en\/wp-json\/wp\/v2\/types\/page"}],"author":[{"embeddable":true,"href":"https:\/\/frequence-tv.ch\/en\/wp-json\/wp\/v2\/users\/1"}],"replies":[{"embeddable":true,"href":"https:\/\/frequence-tv.ch\/en\/wp-json\/wp\/v2\/comments?post=6456"}],"version-history":[{"count":2,"href":"https:\/\/frequence-tv.ch\/en\/wp-json\/wp\/v2\/pages\/6456\/revisions"}],"predecessor-version":[{"id":6458,"href":"https:\/\/frequence-tv.ch\/en\/wp-json\/wp\/v2\/pages\/6456\/revisions\/6458"}],"wp:attachment":[{"href":"https:\/\/frequence-tv.ch\/en\/wp-json\/wp\/v2\/media?parent=6456"}],"curies":[{"name":"wp","href":"https:\/\/api.w.org\/{rel}","templated":true}]}}