{"id":6309,"date":"2023-05-04T23:42:01","date_gmt":"2023-05-04T23:42:01","guid":{"rendered":"https:\/\/frequence-tv.ch\/?page_id=6309"},"modified":"2025-03-12T23:09:04","modified_gmt":"2025-03-12T23:09:04","slug":"blog","status":"publish","type":"page","link":"https:\/\/frequence-tv.ch\/en\/blog\/","title":{"rendered":"Blog"},"content":{"rendered":"<div class=\"wpb-content-wrapper\"><p>[vc_row css=&#8221;.vc_custom_1496928548785{margin-top: 4vh !important;margin-bottom: 8vh !important;}&#8221;][vc_column offset=&#8221;vc_col-lg-offset-3 vc_col-lg-6 vc_col-md-offset-3 vc_col-md-6&#8243;][vc_custom_heading text=&#8221;<strong>Blog<\/strong>&#8221; font_container=&#8221;tag:h5|font_size:48|text_align:center&#8221; use_theme_fonts=&#8221;yes&#8221; css=&#8221;.vc_custom_1683132867016{margin-bottom: 10px !important;}&#8221;]\t\t\t<div id=\"\" class=\" wd-social-icons  wd-style-colored wd-size-default social-follow wd-shape-circle text-center\">\n\t\t\t\t\n\t\t\t\t\n\t\t\t\t\t\t\t\t\t<a rel=\"noopener noreferrer nofollow\" href=\"https:\/\/www.facebook.com\/profile.php?id=100092144504001\" target=\"_blank\" class=\" wd-social-icon social-facebook\" aria-label=\"Facebook social link\">\n\t\t\t\t\t\t<span class=\"wd-icon\"><\/span>\n\t\t\t\t\t\t\t\t\t\t\t<\/a>\n\t\t\t\t\n\t\t\t\t\n\t\t\t\t\n\t\t\t\t\n\t\t\t\t\t\t\t\t\t<a rel=\"noopener noreferrer nofollow\" href=\"https:\/\/www.instagram.com\/frequencetv\/\" target=\"_blank\" class=\" wd-social-icon social-instagram\" aria-label=\"Instagram social link\">\n\t\t\t\t\t\t<span class=\"wd-icon\"><\/span>\n\t\t\t\t\t\t\t\t\t\t\t<\/a>\n\t\t\t\t\n\t\t\t\t\n\t\t\t\t\n\t\t\t\t\n\t\t\t\t\n\t\t\t\t\t\t\t\t\t<a rel=\"noopener noreferrer nofollow\" href=\"https:\/\/www.linkedin.com\/company\/7249847\" target=\"_blank\" class=\" wd-social-icon social-linkedin\" aria-label=\"Linkedin social link\">\n\t\t\t\t\t\t<span class=\"wd-icon\"><\/span>\n\t\t\t\t\t\t\t\t\t\t\t<\/a>\n\t\t\t\t\n\t\t\t\t\n\t\t\t\t\n\t\t\t\t\n\t\t\t\t\n\t\t\t\t\n\t\t\t\t\n\t\t\t\t\n\t\t\t\t\n\t\t\t\t\n\t\t\t\t\n\t\t\t\t\n\t\t\t\t\n\t\t\t\t\n\t\t\t\t\n\t\t\t\t\n\t\t\t\t\n\t\t\t\t\n\t\t\t<\/div>\n\n\t\t[\/vc_column][\/vc_row][vc_row][vc_column]<div id=\"wd-69ee36f3b108c\" class=\"wd-blog-element wd-wpb\"><div class=\"wd-posts wd-blog-holder  wd-grid-g\" data-paged=\"1\" data-atts=\"{&quot;carousel_id&quot;:&quot;5000&quot;,&quot;speed&quot;:&quot;5000&quot;,&quot;slides_per_view&quot;:&quot;3&quot;,&quot;slides_per_view_tablet&quot;:&quot;auto&quot;,&quot;slides_per_view_mobile&quot;:&quot;auto&quot;,&quot;wrap&quot;:&quot;&quot;,&quot;loop&quot;:false,&quot;autoplay&quot;:&quot;no&quot;,&quot;autoheight&quot;:&quot;no&quot;,&quot;hide_pagination_control&quot;:&quot;&quot;,&quot;hide_pagination_control_tablet&quot;:&quot;yes&quot;,&quot;hide_pagination_control_mobile&quot;:&quot;yes&quot;,&quot;dynamic_pagination_control&quot;:&quot;no&quot;,&quot;hide_prev_next_buttons&quot;:&quot;&quot;,&quot;hide_prev_next_buttons_tablet&quot;:&quot;&quot;,&quot;hide_prev_next_buttons_mobile&quot;:&quot;&quot;,&quot;carousel_arrows_position&quot;:&quot;&quot;,&quot;hide_scrollbar&quot;:&quot;yes&quot;,&quot;hide_scrollbar_tablet&quot;:&quot;yes&quot;,&quot;hide_scrollbar_mobile&quot;:&quot;yes&quot;,&quot;scroll_per_page&quot;:&quot;yes&quot;,&quot;dragEndSpeed&quot;:200,&quot;center_mode&quot;:&quot;no&quot;,&quot;custom_sizes&quot;:&quot;&quot;,&quot;sliding_speed&quot;:false,&quot;animation&quot;:false,&quot;content_animation&quot;:false,&quot;post_type&quot;:&quot;post&quot;,&quot;slider&quot;:&quot;&quot;,&quot;library&quot;:&quot;&quot;,&quot;css&quot;:&quot;&quot;,&quot;effect&quot;:&quot;&quot;,&quot;spacing&quot;:&quot;&quot;,&quot;spacing_tablet&quot;:&quot;&quot;,&quot;spacing_mobile&quot;:&quot;&quot;,&quot;carousel_sync&quot;:&quot;&quot;,&quot;sync_parent_id&quot;:&quot;&quot;,&quot;sync_child_id&quot;:&quot;&quot;,&quot;scroll_carousel_init&quot;:&quot;no&quot;,&quot;disable_overflow_carousel&quot;:&quot;no&quot;,&quot;include&quot;:&quot;&quot;,&quot;custom_query&quot;:&quot;&quot;,&quot;taxonomies&quot;:&quot;&quot;,&quot;pagination&quot;:&quot;infinit&quot;,&quot;parts_media&quot;:true,&quot;parts_title&quot;:&quot;1&quot;,&quot;parts_meta&quot;:&quot;1&quot;,&quot;parts_text&quot;:&quot;1&quot;,&quot;parts_btn&quot;:&quot;0&quot;,&quot;parts_published_date&quot;:true,&quot;items_per_page&quot;:12,&quot;offset&quot;:&quot;&quot;,&quot;orderby&quot;:&quot;date&quot;,&quot;order&quot;:&quot;DESC&quot;,&quot;meta_key&quot;:&quot;&quot;,&quot;exclude&quot;:&quot;&quot;,&quot;class&quot;:&quot;&quot;,&quot;ajax_page&quot;:&quot;&quot;,&quot;img_size&quot;:&quot;400x250&quot;,&quot;img_size_custom&quot;:[],&quot;blog_design&quot;:&quot;chess&quot;,&quot;blog_carousel_design&quot;:&quot;masonry&quot;,&quot;blog_columns&quot;:3,&quot;blog_columns_tablet&quot;:&quot;auto&quot;,&quot;blog_columns_mobile&quot;:&quot;auto&quot;,&quot;blog_spacing&quot;:&quot;20&quot;,&quot;blog_spacing_tablet&quot;:&quot;&quot;,&quot;blog_spacing_mobile&quot;:&quot;&quot;,&quot;lazy_loading&quot;:&quot;yes&quot;,&quot;search&quot;:&quot;&quot;,&quot;woodmart_css_id&quot;:&quot;&quot;,&quot;el_id&quot;:&quot;wd-69ee36f3b108c&quot;,&quot;el_class&quot;:&quot;&quot;,&quot;wrapper_classes&quot;:&quot;&quot;}\" data-source=\"shortcode\">\n<article id=\"post-7398\" class=\"wd-post blog-design-chess blog-post-loop blog-design-small-images blog-style-bg wd-add-shadow wd-col post-7398 post type-post status-publish format-standard has-post-thumbnail hentry category-frequence-tv-en\">\n\t<div class=\"article-inner\">\n\t\t<header class=\"entry-header\">\n\t\t\t\t\t\t\t<figure class=\"entry-thumbnail\">\n\t\t\t\t\t\t\t\t\t\t\t<div class=\"post-img-wrapp\">\n\t\t\t\t\t\t\t<a href=\"https:\/\/frequence-tv.ch\/en\/frequence-tv-pourquoi-faire-appel-a-un-expert-pour-vos-installations-tv-et-satellite-a-geneve\/\">\n\t\t\t\t\t\t\t\t<img loading=\"lazy\" decoding=\"async\" width=\"400\" height=\"250\" src=\"https:\/\/frequence-tv.ch\/wp-content\/uploads\/2025\/03\/FTV-BLOG-400x250.jpg\" class=\"attachment-400x250 size-400x250\" alt=\"\" \/>\t\t\t\t\t\t\t<\/a>\n\t\t\t\t\t\t<\/div>\n\t\t\t\t\t\t<div class=\"post-image-mask\">\n\t\t\t\t\t\t\t<span><\/span>\n\t\t\t\t\t\t<\/div>\n\t\t\t\t\t\t\t\t\t<\/figure>\n\t\t\t\n\t\t\t\t\t\t<div class=\"wd-post-date wd-style-with-bg\">\n\t\t\t\t<span class=\"post-date-day\">\n\t\t\t\t\t18\t\t\t\t<\/span>\n\t\t\t\t<span class=\"post-date-month\">\n\t\t\t\t\tApr\t\t\t\t<\/span>\n\t\t\t<\/div>\n\t\t\t\t<\/header>\n\n\t\t<div class=\"article-body-container\">\n\t\t\t\t\t\t\t<div class=\"meta-categories-wrapp\">\n\t\t\t\t\t<div class=\"meta-post-categories wd-post-cat wd-style-with-bg\">\n\t\t\t\t\t\t<a href=\"https:\/\/frequence-tv.ch\/en\/category\/frequence-tv-en\/\" rel=\"category tag\">Fr\u00e9quence TV<\/a>\t\t\t\t\t<\/div>\n\t\t\t\t<\/div>\n\t\t\t\n\t\t\t\t\t\t\t<h3 class=\"wd-entities-title title post-title\">\n\t\t\t\t\t<a href=\"https:\/\/frequence-tv.ch\/en\/frequence-tv-pourquoi-faire-appel-a-un-expert-pour-vos-installations-tv-et-satellite-a-geneve\/\" rel=\"bookmark\">TV Frequency: Why call on an expert for your TV and satellite installations in Geneva?<\/a>\n\t\t\t\t<\/h3>\n\t\t\t\n\t\t\t\t\t\t\t<div class=\"entry-meta wd-entry-meta\">\n\t\t\t\t\t\t\t\t<ul class=\"entry-meta-list\">\n\t\t\t\t\t\t\t\t\t<li class=\"modified-date\">\n\t\t\t\t\t\t\t\t<time class=\"updated\" datetime=\"2025-04-18T06:11:57+00:00\">\n\t\t\tApril 18, 2025\t\t<\/time>\n\t\t\t\t\t\t\t<\/li>\n\n\t\t\t\t\t\n\t\t\t\t\t\t\t\t\t\t\t<li class=\"meta-author\">\n\t\t\t\t\t\t\t\t\t\t\t\t<span>By<\/span>\n\t\t\n\t\t\t\t\t<img decoding=\"async\" alt='author-avatar' src=\"https:\/\/frequence-tv.ch\/wp-content\/themes\/woodmart\/images\/lazy.svg\" data-src='https:\/\/secure.gravatar.com\/avatar\/cc277e13ee16557651f9e74b657b946e?s=32&#038;d=mm&#038;r=g' srcset=\"\" data-srcset='https:\/\/secure.gravatar.com\/avatar\/cc277e13ee16557651f9e74b657b946e?s=64&#038;d=mm&#038;r=g 2x' class=' wd-lazy-fade avatar avatar-32 photo' height='32' width='32' \/>\t\t\n\t\t<a href=\"https:\/\/frequence-tv.ch\/en\/author\/cominadmin\/\" class=\"author\" rel=\"author\">CominAdmin<\/a>\n\t\t\t\t\t\t\t\t<\/li>\n\t\t\t\t\t\n\t\t\t\t\t\n\t\t\t\t\t\t\t\t\t\t\t\t<\/ul>\n\t\t\t\t\t\t<\/div>\n\t\t\t\t\t\t\t\t\t<div class=\"hovered-social-icons wd-tltp\">\n\t\t\t\t\t\t<div class=\"tooltip top\">\n\t\t\t\t\t\t\t<div class=\"tooltip-arrow\"><\/div>\n\t\t\t\t\t\t\t<div class=\"tooltip-inner\">\n\t\t\t\t\t\t\t\t\t\t\t<div id=\"\" class=\" wd-social-icons  wd-style-default wd-size-small social-share wd-shape-circle color-scheme-light text-center\">\n\t\t\t\t\n\t\t\t\t\n\t\t\t\t\t\t\t\t\t<a rel=\"noopener noreferrer nofollow\" href=\"https:\/\/www.facebook.com\/sharer\/sharer.php?u=https:\/\/frequence-tv.ch\/en\/frequence-tv-pourquoi-faire-appel-a-un-expert-pour-vos-installations-tv-et-satellite-a-geneve\/\" target=\"_blank\" class=\" wd-social-icon social-facebook\" aria-label=\"Facebook social link\">\n\t\t\t\t\t\t<span class=\"wd-icon\"><\/span>\n\t\t\t\t\t\t\t\t\t\t\t<\/a>\n\t\t\t\t\n\t\t\t\t\t\t\t\t\t<a rel=\"noopener noreferrer nofollow\" href=\"https:\/\/x.com\/share?url=https:\/\/frequence-tv.ch\/en\/frequence-tv-pourquoi-faire-appel-a-un-expert-pour-vos-installations-tv-et-satellite-a-geneve\/\" target=\"_blank\" class=\" wd-social-icon social-twitter\" aria-label=\"X social link\">\n\t\t\t\t\t\t<span class=\"wd-icon\"><\/span>\n\t\t\t\t\t\t\t\t\t\t\t<\/a>\n\t\t\t\t\n\t\t\t\t\n\t\t\t\t\n\t\t\t\t\n\t\t\t\t\n\t\t\t\t\n\t\t\t\t\t\t\t\t\t<a rel=\"noopener noreferrer nofollow\" href=\"https:\/\/pinterest.com\/pin\/create\/button\/?url=https:\/\/frequence-tv.ch\/en\/frequence-tv-pourquoi-faire-appel-a-un-expert-pour-vos-installations-tv-et-satellite-a-geneve\/&media=https:\/\/frequence-tv.ch\/wp-content\/uploads\/2025\/03\/FTV-BLOG.jpg&description=TV+Frequency%3A+Why+call+on+an+expert+for+your+TV+and+satellite+installations+in+Geneva%3F\" target=\"_blank\" class=\" wd-social-icon social-pinterest\" aria-label=\"Pinterest social link\">\n\t\t\t\t\t\t<span class=\"wd-icon\"><\/span>\n\t\t\t\t\t\t\t\t\t\t\t<\/a>\n\t\t\t\t\n\t\t\t\t\n\t\t\t\t\t\t\t\t\t<a rel=\"noopener noreferrer nofollow\" href=\"https:\/\/www.linkedin.com\/shareArticle?mini=true&url=https:\/\/frequence-tv.ch\/en\/frequence-tv-pourquoi-faire-appel-a-un-expert-pour-vos-installations-tv-et-satellite-a-geneve\/\" target=\"_blank\" class=\" wd-social-icon social-linkedin\" aria-label=\"Linkedin social link\">\n\t\t\t\t\t\t<span class=\"wd-icon\"><\/span>\n\t\t\t\t\t\t\t\t\t\t\t<\/a>\n\t\t\t\t\n\t\t\t\t\n\t\t\t\t\n\t\t\t\t\n\t\t\t\t\n\t\t\t\t\n\t\t\t\t\n\t\t\t\t\n\t\t\t\t\n\t\t\t\t\n\t\t\t\t\n\t\t\t\t\n\t\t\t\t\n\t\t\t\t\n\t\t\t\t\n\t\t\t\t\n\t\t\t\t\t\t\t\t\t<a rel=\"noopener noreferrer nofollow\" href=\"https:\/\/telegram.me\/share\/url?url=https:\/\/frequence-tv.ch\/en\/frequence-tv-pourquoi-faire-appel-a-un-expert-pour-vos-installations-tv-et-satellite-a-geneve\/\" target=\"_blank\" class=\" wd-social-icon social-tg\" aria-label=\"Telegram social link\">\n\t\t\t\t\t\t<span class=\"wd-icon\"><\/span>\n\t\t\t\t\t\t\t\t\t\t\t<\/a>\n\t\t\t\t\n\t\t\t\t\n\t\t\t<\/div>\n\n\t\t\t\t\t\t\t\t\t<\/div>\n\t\t\t\t\t\t<\/div>\n\t\t\t\t\t<\/div>\n\t\t\t\t\t\t\t\n\t\t\t\t\t\t\t\t\t\t\t\t<div class=\"entry-content wd-post-desc\">\n\t\t\t\t\t\tGood TV reception depends on many factors: antenna orientation, equipment quality, compatibility with existing equipment, etc. Rather t...\t\t\t\t\t<\/div>\n\t\t\t\t\n\t\t\t\t\t\t\t\t\t<\/div>\n\t<\/div>\n<\/article>\n\n\n<article id=\"post-7304\" class=\"wd-post blog-design-chess blog-post-loop blog-design-small-images blog-style-bg wd-add-shadow wd-col post-7304 post type-post status-publish format-standard has-post-thumbnail hentry category-frequence-tv-en\">\n\t<div class=\"article-inner\">\n\t\t<header class=\"entry-header\">\n\t\t\t\t\t\t\t<figure class=\"entry-thumbnail\">\n\t\t\t\t\t\t\t\t\t\t\t<div class=\"post-img-wrapp\">\n\t\t\t\t\t\t\t<a href=\"https:\/\/frequence-tv.ch\/en\/frequence-tv-lart-de-transformer-votre-espace-avec-la-domotique-et-laudiovisuel-a-geneve-et-nyon\/\">\n\t\t\t\t\t\t\t\t<img loading=\"lazy\" decoding=\"async\" width=\"400\" height=\"250\" src=\"https:\/\/frequence-tv.ch\/wp-content\/uploads\/2025\/03\/FTV-BLOG-400x250.jpg\" class=\"attachment-400x250 size-400x250\" alt=\"\" \/>\t\t\t\t\t\t\t<\/a>\n\t\t\t\t\t\t<\/div>\n\t\t\t\t\t\t<div class=\"post-image-mask\">\n\t\t\t\t\t\t\t<span><\/span>\n\t\t\t\t\t\t<\/div>\n\t\t\t\t\t\t\t\t\t<\/figure>\n\t\t\t\n\t\t\t\t\t\t<div class=\"wd-post-date wd-style-with-bg\">\n\t\t\t\t<span class=\"post-date-day\">\n\t\t\t\t\t28\t\t\t\t<\/span>\n\t\t\t\t<span class=\"post-date-month\">\n\t\t\t\t\tMar\t\t\t\t<\/span>\n\t\t\t<\/div>\n\t\t\t\t<\/header>\n\n\t\t<div class=\"article-body-container\">\n\t\t\t\t\t\t\t<div class=\"meta-categories-wrapp\">\n\t\t\t\t\t<div class=\"meta-post-categories wd-post-cat wd-style-with-bg\">\n\t\t\t\t\t\t<a href=\"https:\/\/frequence-tv.ch\/en\/category\/frequence-tv-en\/\" rel=\"category tag\">Fr\u00e9quence TV<\/a>\t\t\t\t\t<\/div>\n\t\t\t\t<\/div>\n\t\t\t\n\t\t\t\t\t\t\t<h3 class=\"wd-entities-title title post-title\">\n\t\t\t\t\t<a href=\"https:\/\/frequence-tv.ch\/en\/frequence-tv-lart-de-transformer-votre-espace-avec-la-domotique-et-laudiovisuel-a-geneve-et-nyon\/\" rel=\"bookmark\">TV Frequency: the art of transforming your space with home automation and audiovisual in Geneva and Nyon<\/a>\n\t\t\t\t<\/h3>\n\t\t\t\n\t\t\t\t\t\t\t<div class=\"entry-meta wd-entry-meta\">\n\t\t\t\t\t\t\t\t<ul class=\"entry-meta-list\">\n\t\t\t\t\t\t\t\t\t<li class=\"modified-date\">\n\t\t\t\t\t\t\t\t<time class=\"updated\" datetime=\"2025-03-28T14:22:28+00:00\">\n\t\t\tMarch 28, 2025\t\t<\/time>\n\t\t\t\t\t\t\t<\/li>\n\n\t\t\t\t\t\n\t\t\t\t\t\t\t\t\t\t\t<li class=\"meta-author\">\n\t\t\t\t\t\t\t\t\t\t\t\t<span>By<\/span>\n\t\t\n\t\t\t\t\t<img decoding=\"async\" alt='author-avatar' src=\"https:\/\/frequence-tv.ch\/wp-content\/themes\/woodmart\/images\/lazy.svg\" data-src='https:\/\/secure.gravatar.com\/avatar\/cc277e13ee16557651f9e74b657b946e?s=32&#038;d=mm&#038;r=g' srcset=\"\" data-srcset='https:\/\/secure.gravatar.com\/avatar\/cc277e13ee16557651f9e74b657b946e?s=64&#038;d=mm&#038;r=g 2x' class=' wd-lazy-fade avatar avatar-32 photo' height='32' width='32' \/>\t\t\n\t\t<a href=\"https:\/\/frequence-tv.ch\/en\/author\/cominadmin\/\" class=\"author\" rel=\"author\">CominAdmin<\/a>\n\t\t\t\t\t\t\t\t<\/li>\n\t\t\t\t\t\n\t\t\t\t\t\n\t\t\t\t\t\t\t\t\t\t\t\t<\/ul>\n\t\t\t\t\t\t<\/div>\n\t\t\t\t\t\t\t\t\t<div class=\"hovered-social-icons wd-tltp\">\n\t\t\t\t\t\t<div class=\"tooltip top\">\n\t\t\t\t\t\t\t<div class=\"tooltip-arrow\"><\/div>\n\t\t\t\t\t\t\t<div class=\"tooltip-inner\">\n\t\t\t\t\t\t\t\t\t\t\t<div id=\"\" class=\" wd-social-icons  wd-style-default wd-size-small social-share wd-shape-circle color-scheme-light text-center\">\n\t\t\t\t\n\t\t\t\t\n\t\t\t\t\t\t\t\t\t<a rel=\"noopener noreferrer nofollow\" href=\"https:\/\/www.facebook.com\/sharer\/sharer.php?u=https:\/\/frequence-tv.ch\/en\/frequence-tv-lart-de-transformer-votre-espace-avec-la-domotique-et-laudiovisuel-a-geneve-et-nyon\/\" target=\"_blank\" class=\" wd-social-icon social-facebook\" aria-label=\"Facebook social link\">\n\t\t\t\t\t\t<span class=\"wd-icon\"><\/span>\n\t\t\t\t\t\t\t\t\t\t\t<\/a>\n\t\t\t\t\n\t\t\t\t\t\t\t\t\t<a rel=\"noopener noreferrer nofollow\" href=\"https:\/\/x.com\/share?url=https:\/\/frequence-tv.ch\/en\/frequence-tv-lart-de-transformer-votre-espace-avec-la-domotique-et-laudiovisuel-a-geneve-et-nyon\/\" target=\"_blank\" class=\" wd-social-icon social-twitter\" aria-label=\"X social link\">\n\t\t\t\t\t\t<span class=\"wd-icon\"><\/span>\n\t\t\t\t\t\t\t\t\t\t\t<\/a>\n\t\t\t\t\n\t\t\t\t\n\t\t\t\t\n\t\t\t\t\n\t\t\t\t\n\t\t\t\t\n\t\t\t\t\t\t\t\t\t<a rel=\"noopener noreferrer nofollow\" href=\"https:\/\/pinterest.com\/pin\/create\/button\/?url=https:\/\/frequence-tv.ch\/en\/frequence-tv-lart-de-transformer-votre-espace-avec-la-domotique-et-laudiovisuel-a-geneve-et-nyon\/&media=https:\/\/frequence-tv.ch\/wp-content\/uploads\/2025\/03\/FTV-BLOG.jpg&description=TV+Frequency%3A+the+art+of+transforming+your+space+with+home+automation+and+audiovisual+in+Geneva+and+Nyon\" target=\"_blank\" class=\" wd-social-icon social-pinterest\" aria-label=\"Pinterest social link\">\n\t\t\t\t\t\t<span class=\"wd-icon\"><\/span>\n\t\t\t\t\t\t\t\t\t\t\t<\/a>\n\t\t\t\t\n\t\t\t\t\n\t\t\t\t\t\t\t\t\t<a rel=\"noopener noreferrer nofollow\" href=\"https:\/\/www.linkedin.com\/shareArticle?mini=true&url=https:\/\/frequence-tv.ch\/en\/frequence-tv-lart-de-transformer-votre-espace-avec-la-domotique-et-laudiovisuel-a-geneve-et-nyon\/\" target=\"_blank\" class=\" wd-social-icon social-linkedin\" aria-label=\"Linkedin social link\">\n\t\t\t\t\t\t<span class=\"wd-icon\"><\/span>\n\t\t\t\t\t\t\t\t\t\t\t<\/a>\n\t\t\t\t\n\t\t\t\t\n\t\t\t\t\n\t\t\t\t\n\t\t\t\t\n\t\t\t\t\n\t\t\t\t\n\t\t\t\t\n\t\t\t\t\n\t\t\t\t\n\t\t\t\t\n\t\t\t\t\n\t\t\t\t\n\t\t\t\t\n\t\t\t\t\n\t\t\t\t\n\t\t\t\t\t\t\t\t\t<a rel=\"noopener noreferrer nofollow\" href=\"https:\/\/telegram.me\/share\/url?url=https:\/\/frequence-tv.ch\/en\/frequence-tv-lart-de-transformer-votre-espace-avec-la-domotique-et-laudiovisuel-a-geneve-et-nyon\/\" target=\"_blank\" class=\" wd-social-icon social-tg\" aria-label=\"Telegram social link\">\n\t\t\t\t\t\t<span class=\"wd-icon\"><\/span>\n\t\t\t\t\t\t\t\t\t\t\t<\/a>\n\t\t\t\t\n\t\t\t\t\n\t\t\t<\/div>\n\n\t\t\t\t\t\t\t\t\t<\/div>\n\t\t\t\t\t\t<\/div>\n\t\t\t\t\t<\/div>\n\t\t\t\t\t\t\t\n\t\t\t\t\t\t\t\t\t\t\t\t<div class=\"entry-content wd-post-desc\">\n\t\t\t\t\t\tIn a world where technology improves every aspect of our daily lives, Fr\u00e9quence TV is at the forefront of innovation, offering audiovis...\t\t\t\t\t<\/div>\n\t\t\t\t\n\t\t\t\t\t\t\t\t\t<\/div>\n\t<\/div>\n<\/article>\n\n\n<article id=\"post-6646\" class=\"wd-post blog-design-chess blog-post-loop blog-design-small-images blog-style-bg wd-add-shadow wd-col post-6646 post type-post status-publish format-standard has-post-thumbnail hentry category-frequence-tv-en\">\n\t<div class=\"article-inner\">\n\t\t<header class=\"entry-header\">\n\t\t\t\t\t\t\t<figure class=\"entry-thumbnail\">\n\t\t\t\t\t\t\t\t\t\t\t<div class=\"post-img-wrapp\">\n\t\t\t\t\t\t\t<a href=\"https:\/\/frequence-tv.ch\/en\/how-to-choose-the-perfect-projector-an-essential-guide-to-successful-projection\/\">\n\t\t\t\t\t\t\t\t<img loading=\"lazy\" decoding=\"async\" width=\"400\" height=\"250\" src=\"https:\/\/frequence-tv.ch\/wp-content\/uploads\/2025\/02\/FTV-FEVRIER1-400x250.jpg\" class=\"attachment-400x250 size-400x250\" alt=\"\" \/>\t\t\t\t\t\t\t<\/a>\n\t\t\t\t\t\t<\/div>\n\t\t\t\t\t\t<div class=\"post-image-mask\">\n\t\t\t\t\t\t\t<span><\/span>\n\t\t\t\t\t\t<\/div>\n\t\t\t\t\t\t\t\t\t<\/figure>\n\t\t\t\n\t\t\t\t\t\t<div class=\"wd-post-date wd-style-with-bg\">\n\t\t\t\t<span class=\"post-date-day\">\n\t\t\t\t\t13\t\t\t\t<\/span>\n\t\t\t\t<span class=\"post-date-month\">\n\t\t\t\t\tFeb\t\t\t\t<\/span>\n\t\t\t<\/div>\n\t\t\t\t<\/header>\n\n\t\t<div class=\"article-body-container\">\n\t\t\t\t\t\t\t<div class=\"meta-categories-wrapp\">\n\t\t\t\t\t<div class=\"meta-post-categories wd-post-cat wd-style-with-bg\">\n\t\t\t\t\t\t<a href=\"https:\/\/frequence-tv.ch\/en\/category\/frequence-tv-en\/\" rel=\"category tag\">Fr\u00e9quence TV<\/a>\t\t\t\t\t<\/div>\n\t\t\t\t<\/div>\n\t\t\t\n\t\t\t\t\t\t\t<h3 class=\"wd-entities-title title post-title\">\n\t\t\t\t\t<a href=\"https:\/\/frequence-tv.ch\/en\/how-to-choose-the-perfect-projector-an-essential-guide-to-successful-projection\/\" rel=\"bookmark\">How to Choose the Perfect Projector: An Essential Guide to Successful Projection<\/a>\n\t\t\t\t<\/h3>\n\t\t\t\n\t\t\t\t\t\t\t<div class=\"entry-meta wd-entry-meta\">\n\t\t\t\t\t\t\t\t<ul class=\"entry-meta-list\">\n\t\t\t\t\t\t\t\t\t<li class=\"modified-date\">\n\t\t\t\t\t\t\t\t<time class=\"updated\" datetime=\"2025-02-13T07:29:06+00:00\">\n\t\t\tFebruary 13, 2025\t\t<\/time>\n\t\t\t\t\t\t\t<\/li>\n\n\t\t\t\t\t\n\t\t\t\t\t\t\t\t\t\t\t<li class=\"meta-author\">\n\t\t\t\t\t\t\t\t\t\t\t\t<span>By<\/span>\n\t\t\n\t\t\t\t\t<img decoding=\"async\" alt='author-avatar' src=\"https:\/\/frequence-tv.ch\/wp-content\/themes\/woodmart\/images\/lazy.svg\" data-src='https:\/\/secure.gravatar.com\/avatar\/cc277e13ee16557651f9e74b657b946e?s=32&#038;d=mm&#038;r=g' srcset=\"\" data-srcset='https:\/\/secure.gravatar.com\/avatar\/cc277e13ee16557651f9e74b657b946e?s=64&#038;d=mm&#038;r=g 2x' class=' wd-lazy-fade avatar avatar-32 photo' height='32' width='32' \/>\t\t\n\t\t<a href=\"https:\/\/frequence-tv.ch\/en\/author\/cominadmin\/\" class=\"author\" rel=\"author\">CominAdmin<\/a>\n\t\t\t\t\t\t\t\t<\/li>\n\t\t\t\t\t\n\t\t\t\t\t\n\t\t\t\t\t\t\t\t\t\t\t\t<\/ul>\n\t\t\t\t\t\t<\/div>\n\t\t\t\t\t\t\t\t\t<div class=\"hovered-social-icons wd-tltp\">\n\t\t\t\t\t\t<div class=\"tooltip top\">\n\t\t\t\t\t\t\t<div class=\"tooltip-arrow\"><\/div>\n\t\t\t\t\t\t\t<div class=\"tooltip-inner\">\n\t\t\t\t\t\t\t\t\t\t\t<div id=\"\" class=\" wd-social-icons  wd-style-default wd-size-small social-share wd-shape-circle color-scheme-light text-center\">\n\t\t\t\t\n\t\t\t\t\n\t\t\t\t\t\t\t\t\t<a rel=\"noopener noreferrer nofollow\" href=\"https:\/\/www.facebook.com\/sharer\/sharer.php?u=https:\/\/frequence-tv.ch\/en\/how-to-choose-the-perfect-projector-an-essential-guide-to-successful-projection\/\" target=\"_blank\" class=\" wd-social-icon social-facebook\" aria-label=\"Facebook social link\">\n\t\t\t\t\t\t<span class=\"wd-icon\"><\/span>\n\t\t\t\t\t\t\t\t\t\t\t<\/a>\n\t\t\t\t\n\t\t\t\t\t\t\t\t\t<a rel=\"noopener noreferrer nofollow\" href=\"https:\/\/x.com\/share?url=https:\/\/frequence-tv.ch\/en\/how-to-choose-the-perfect-projector-an-essential-guide-to-successful-projection\/\" target=\"_blank\" class=\" wd-social-icon social-twitter\" aria-label=\"X social link\">\n\t\t\t\t\t\t<span class=\"wd-icon\"><\/span>\n\t\t\t\t\t\t\t\t\t\t\t<\/a>\n\t\t\t\t\n\t\t\t\t\n\t\t\t\t\n\t\t\t\t\n\t\t\t\t\n\t\t\t\t\n\t\t\t\t\t\t\t\t\t<a rel=\"noopener noreferrer nofollow\" href=\"https:\/\/pinterest.com\/pin\/create\/button\/?url=https:\/\/frequence-tv.ch\/en\/how-to-choose-the-perfect-projector-an-essential-guide-to-successful-projection\/&media=https:\/\/frequence-tv.ch\/wp-content\/uploads\/2025\/02\/FTV-FEVRIER1.jpg&description=How+to+Choose+the+Perfect+Projector%3A+An+Essential+Guide+to+Successful+Projection\" target=\"_blank\" class=\" wd-social-icon social-pinterest\" aria-label=\"Pinterest social link\">\n\t\t\t\t\t\t<span class=\"wd-icon\"><\/span>\n\t\t\t\t\t\t\t\t\t\t\t<\/a>\n\t\t\t\t\n\t\t\t\t\n\t\t\t\t\t\t\t\t\t<a rel=\"noopener noreferrer nofollow\" href=\"https:\/\/www.linkedin.com\/shareArticle?mini=true&url=https:\/\/frequence-tv.ch\/en\/how-to-choose-the-perfect-projector-an-essential-guide-to-successful-projection\/\" target=\"_blank\" class=\" wd-social-icon social-linkedin\" aria-label=\"Linkedin social link\">\n\t\t\t\t\t\t<span class=\"wd-icon\"><\/span>\n\t\t\t\t\t\t\t\t\t\t\t<\/a>\n\t\t\t\t\n\t\t\t\t\n\t\t\t\t\n\t\t\t\t\n\t\t\t\t\n\t\t\t\t\n\t\t\t\t\n\t\t\t\t\n\t\t\t\t\n\t\t\t\t\n\t\t\t\t\n\t\t\t\t\n\t\t\t\t\n\t\t\t\t\n\t\t\t\t\n\t\t\t\t\n\t\t\t\t\t\t\t\t\t<a rel=\"noopener noreferrer nofollow\" href=\"https:\/\/telegram.me\/share\/url?url=https:\/\/frequence-tv.ch\/en\/how-to-choose-the-perfect-projector-an-essential-guide-to-successful-projection\/\" target=\"_blank\" class=\" wd-social-icon social-tg\" aria-label=\"Telegram social link\">\n\t\t\t\t\t\t<span class=\"wd-icon\"><\/span>\n\t\t\t\t\t\t\t\t\t\t\t<\/a>\n\t\t\t\t\n\t\t\t\t\n\t\t\t<\/div>\n\n\t\t\t\t\t\t\t\t\t<\/div>\n\t\t\t\t\t\t<\/div>\n\t\t\t\t\t<\/div>\n\t\t\t\t\t\t\t\n\t\t\t\t\t\t\t\t\t\t\t\t<div class=\"entry-content wd-post-desc\">\n\t\t\t\t\t\tIn the field of audiovisuals, choosing a projector is crucial to ensure a high-quality projection experience. Whether for professional,...\t\t\t\t\t<\/div>\n\t\t\t\t\n\t\t\t\t\t\t\t\t\t<\/div>\n\t<\/div>\n<\/article>\n\n\n<article id=\"post-6635\" class=\"wd-post blog-design-chess blog-post-loop blog-design-small-images blog-style-bg wd-add-shadow wd-col post-6635 post type-post status-publish format-standard has-post-thumbnail hentry category-frequence-tv-en\">\n\t<div class=\"article-inner\">\n\t\t<header class=\"entry-header\">\n\t\t\t\t\t\t\t<figure class=\"entry-thumbnail\">\n\t\t\t\t\t\t\t\t\t\t\t<div class=\"post-img-wrapp\">\n\t\t\t\t\t\t\t<a href=\"https:\/\/frequence-tv.ch\/en\/tissu-acoustique-la-solution-elegante-pour-ameliorer-le-confort-sonore-de-votre-espace\/\">\n\t\t\t\t\t\t\t\t<img loading=\"lazy\" decoding=\"async\" width=\"400\" height=\"250\" src=\"https:\/\/frequence-tv.ch\/wp-content\/uploads\/2025\/01\/FTV-400x250.jpg\" class=\"attachment-400x250 size-400x250\" alt=\"\" \/>\t\t\t\t\t\t\t<\/a>\n\t\t\t\t\t\t<\/div>\n\t\t\t\t\t\t<div class=\"post-image-mask\">\n\t\t\t\t\t\t\t<span><\/span>\n\t\t\t\t\t\t<\/div>\n\t\t\t\t\t\t\t\t\t<\/figure>\n\t\t\t\n\t\t\t\t\t\t<div class=\"wd-post-date wd-style-with-bg\">\n\t\t\t\t<span class=\"post-date-day\">\n\t\t\t\t\t13\t\t\t\t<\/span>\n\t\t\t\t<span class=\"post-date-month\">\n\t\t\t\t\tJan\t\t\t\t<\/span>\n\t\t\t<\/div>\n\t\t\t\t<\/header>\n\n\t\t<div class=\"article-body-container\">\n\t\t\t\t\t\t\t<div class=\"meta-categories-wrapp\">\n\t\t\t\t\t<div class=\"meta-post-categories wd-post-cat wd-style-with-bg\">\n\t\t\t\t\t\t<a href=\"https:\/\/frequence-tv.ch\/en\/category\/frequence-tv-en\/\" rel=\"category tag\">Fr\u00e9quence TV<\/a>\t\t\t\t\t<\/div>\n\t\t\t\t<\/div>\n\t\t\t\n\t\t\t\t\t\t\t<h3 class=\"wd-entities-title title post-title\">\n\t\t\t\t\t<a href=\"https:\/\/frequence-tv.ch\/en\/tissu-acoustique-la-solution-elegante-pour-ameliorer-le-confort-sonore-de-votre-espace\/\" rel=\"bookmark\">Acoustic fabric: the elegant solution to improve the sound comfort of your space<\/a>\n\t\t\t\t<\/h3>\n\t\t\t\n\t\t\t\t\t\t\t<div class=\"entry-meta wd-entry-meta\">\n\t\t\t\t\t\t\t\t<ul class=\"entry-meta-list\">\n\t\t\t\t\t\t\t\t\t<li class=\"modified-date\">\n\t\t\t\t\t\t\t\t<time class=\"updated\" datetime=\"2025-01-13T22:09:19+00:00\">\n\t\t\tJanuary 13, 2025\t\t<\/time>\n\t\t\t\t\t\t\t<\/li>\n\n\t\t\t\t\t\n\t\t\t\t\t\t\t\t\t\t\t<li class=\"meta-author\">\n\t\t\t\t\t\t\t\t\t\t\t\t<span>By<\/span>\n\t\t\n\t\t\t\t\t<img decoding=\"async\" alt='author-avatar' src=\"https:\/\/frequence-tv.ch\/wp-content\/themes\/woodmart\/images\/lazy.svg\" data-src='https:\/\/secure.gravatar.com\/avatar\/cc277e13ee16557651f9e74b657b946e?s=32&#038;d=mm&#038;r=g' srcset=\"\" data-srcset='https:\/\/secure.gravatar.com\/avatar\/cc277e13ee16557651f9e74b657b946e?s=64&#038;d=mm&#038;r=g 2x' class=' wd-lazy-fade avatar avatar-32 photo' height='32' width='32' \/>\t\t\n\t\t<a href=\"https:\/\/frequence-tv.ch\/en\/author\/cominadmin\/\" class=\"author\" rel=\"author\">CominAdmin<\/a>\n\t\t\t\t\t\t\t\t<\/li>\n\t\t\t\t\t\n\t\t\t\t\t\n\t\t\t\t\t\t\t\t\t\t\t\t<\/ul>\n\t\t\t\t\t\t<\/div>\n\t\t\t\t\t\t\t\t\t<div class=\"hovered-social-icons wd-tltp\">\n\t\t\t\t\t\t<div class=\"tooltip top\">\n\t\t\t\t\t\t\t<div class=\"tooltip-arrow\"><\/div>\n\t\t\t\t\t\t\t<div class=\"tooltip-inner\">\n\t\t\t\t\t\t\t\t\t\t\t<div id=\"\" class=\" wd-social-icons  wd-style-default wd-size-small social-share wd-shape-circle color-scheme-light text-center\">\n\t\t\t\t\n\t\t\t\t\n\t\t\t\t\t\t\t\t\t<a rel=\"noopener noreferrer nofollow\" href=\"https:\/\/www.facebook.com\/sharer\/sharer.php?u=https:\/\/frequence-tv.ch\/en\/tissu-acoustique-la-solution-elegante-pour-ameliorer-le-confort-sonore-de-votre-espace\/\" target=\"_blank\" class=\" wd-social-icon social-facebook\" aria-label=\"Facebook social link\">\n\t\t\t\t\t\t<span class=\"wd-icon\"><\/span>\n\t\t\t\t\t\t\t\t\t\t\t<\/a>\n\t\t\t\t\n\t\t\t\t\t\t\t\t\t<a rel=\"noopener noreferrer nofollow\" href=\"https:\/\/x.com\/share?url=https:\/\/frequence-tv.ch\/en\/tissu-acoustique-la-solution-elegante-pour-ameliorer-le-confort-sonore-de-votre-espace\/\" target=\"_blank\" class=\" wd-social-icon social-twitter\" aria-label=\"X social link\">\n\t\t\t\t\t\t<span class=\"wd-icon\"><\/span>\n\t\t\t\t\t\t\t\t\t\t\t<\/a>\n\t\t\t\t\n\t\t\t\t\n\t\t\t\t\n\t\t\t\t\n\t\t\t\t\n\t\t\t\t\n\t\t\t\t\t\t\t\t\t<a rel=\"noopener noreferrer nofollow\" href=\"https:\/\/pinterest.com\/pin\/create\/button\/?url=https:\/\/frequence-tv.ch\/en\/tissu-acoustique-la-solution-elegante-pour-ameliorer-le-confort-sonore-de-votre-espace\/&media=https:\/\/frequence-tv.ch\/wp-content\/uploads\/2025\/01\/FTV.jpg&description=Acoustic+fabric%3A+the+elegant+solution+to+improve+the+sound+comfort+of+your+space\" target=\"_blank\" class=\" wd-social-icon social-pinterest\" aria-label=\"Pinterest social link\">\n\t\t\t\t\t\t<span class=\"wd-icon\"><\/span>\n\t\t\t\t\t\t\t\t\t\t\t<\/a>\n\t\t\t\t\n\t\t\t\t\n\t\t\t\t\t\t\t\t\t<a rel=\"noopener noreferrer nofollow\" href=\"https:\/\/www.linkedin.com\/shareArticle?mini=true&url=https:\/\/frequence-tv.ch\/en\/tissu-acoustique-la-solution-elegante-pour-ameliorer-le-confort-sonore-de-votre-espace\/\" target=\"_blank\" class=\" wd-social-icon social-linkedin\" aria-label=\"Linkedin social link\">\n\t\t\t\t\t\t<span class=\"wd-icon\"><\/span>\n\t\t\t\t\t\t\t\t\t\t\t<\/a>\n\t\t\t\t\n\t\t\t\t\n\t\t\t\t\n\t\t\t\t\n\t\t\t\t\n\t\t\t\t\n\t\t\t\t\n\t\t\t\t\n\t\t\t\t\n\t\t\t\t\n\t\t\t\t\n\t\t\t\t\n\t\t\t\t\n\t\t\t\t\n\t\t\t\t\n\t\t\t\t\n\t\t\t\t\t\t\t\t\t<a rel=\"noopener noreferrer nofollow\" href=\"https:\/\/telegram.me\/share\/url?url=https:\/\/frequence-tv.ch\/en\/tissu-acoustique-la-solution-elegante-pour-ameliorer-le-confort-sonore-de-votre-espace\/\" target=\"_blank\" class=\" wd-social-icon social-tg\" aria-label=\"Telegram social link\">\n\t\t\t\t\t\t<span class=\"wd-icon\"><\/span>\n\t\t\t\t\t\t\t\t\t\t\t<\/a>\n\t\t\t\t\n\t\t\t\t\n\t\t\t<\/div>\n\n\t\t\t\t\t\t\t\t\t<\/div>\n\t\t\t\t\t\t<\/div>\n\t\t\t\t\t<\/div>\n\t\t\t\t\t\t\t\n\t\t\t\t\t\t\t\t\t\t\t\t<div class=\"entry-content wd-post-desc\">\n\t\t\t\t\t\tAcoustic fabric: the art of sound correction in your living spaces\nIn a world where ambient noise can quickly become a source of stress...\t\t\t\t\t<\/div>\n\t\t\t\t\n\t\t\t\t\t\t\t\t\t<\/div>\n\t<\/div>\n<\/article>\n\n\n<article id=\"post-6624\" class=\"wd-post blog-design-chess blog-post-loop blog-design-small-images blog-style-bg wd-add-shadow wd-col post-6624 post type-post status-publish format-standard has-post-thumbnail hentry category-frequence-tv-en\">\n\t<div class=\"article-inner\">\n\t\t<header class=\"entry-header\">\n\t\t\t\t\t\t\t<figure class=\"entry-thumbnail\">\n\t\t\t\t\t\t\t\t\t\t\t<div class=\"post-img-wrapp\">\n\t\t\t\t\t\t\t<a href=\"https:\/\/frequence-tv.ch\/en\/pourquoi-investir-dans-un-systeme-daffichage-dynamique-pour-votre-entreprise\/\">\n\t\t\t\t\t\t\t\t<img loading=\"lazy\" decoding=\"async\" width=\"400\" height=\"250\" src=\"https:\/\/frequence-tv.ch\/wp-content\/uploads\/2024\/12\/FTV-400x250.jpg\" class=\"attachment-400x250 size-400x250\" alt=\"\" \/>\t\t\t\t\t\t\t<\/a>\n\t\t\t\t\t\t<\/div>\n\t\t\t\t\t\t<div class=\"post-image-mask\">\n\t\t\t\t\t\t\t<span><\/span>\n\t\t\t\t\t\t<\/div>\n\t\t\t\t\t\t\t\t\t<\/figure>\n\t\t\t\n\t\t\t\t\t\t<div class=\"wd-post-date wd-style-with-bg\">\n\t\t\t\t<span class=\"post-date-day\">\n\t\t\t\t\t13\t\t\t\t<\/span>\n\t\t\t\t<span class=\"post-date-month\">\n\t\t\t\t\tDec\t\t\t\t<\/span>\n\t\t\t<\/div>\n\t\t\t\t<\/header>\n\n\t\t<div class=\"article-body-container\">\n\t\t\t\t\t\t\t<div class=\"meta-categories-wrapp\">\n\t\t\t\t\t<div class=\"meta-post-categories wd-post-cat wd-style-with-bg\">\n\t\t\t\t\t\t<a href=\"https:\/\/frequence-tv.ch\/en\/category\/frequence-tv-en\/\" rel=\"category tag\">Fr\u00e9quence TV<\/a>\t\t\t\t\t<\/div>\n\t\t\t\t<\/div>\n\t\t\t\n\t\t\t\t\t\t\t<h3 class=\"wd-entities-title title post-title\">\n\t\t\t\t\t<a href=\"https:\/\/frequence-tv.ch\/en\/pourquoi-investir-dans-un-systeme-daffichage-dynamique-pour-votre-entreprise\/\" rel=\"bookmark\">Why invest in a digital signage system for your business?<\/a>\n\t\t\t\t<\/h3>\n\t\t\t\n\t\t\t\t\t\t\t<div class=\"entry-meta wd-entry-meta\">\n\t\t\t\t\t\t\t\t<ul class=\"entry-meta-list\">\n\t\t\t\t\t\t\t\t\t<li class=\"modified-date\">\n\t\t\t\t\t\t\t\t<time class=\"updated\" datetime=\"2024-12-13T08:06:17+00:00\">\n\t\t\tDecember 13, 2024\t\t<\/time>\n\t\t\t\t\t\t\t<\/li>\n\n\t\t\t\t\t\n\t\t\t\t\t\t\t\t\t\t\t<li class=\"meta-author\">\n\t\t\t\t\t\t\t\t\t\t\t\t<span>By<\/span>\n\t\t\n\t\t\t\t\t<img decoding=\"async\" alt='author-avatar' src=\"https:\/\/frequence-tv.ch\/wp-content\/themes\/woodmart\/images\/lazy.svg\" data-src='https:\/\/secure.gravatar.com\/avatar\/cc277e13ee16557651f9e74b657b946e?s=32&#038;d=mm&#038;r=g' srcset=\"\" data-srcset='https:\/\/secure.gravatar.com\/avatar\/cc277e13ee16557651f9e74b657b946e?s=64&#038;d=mm&#038;r=g 2x' class=' wd-lazy-fade avatar avatar-32 photo' height='32' width='32' \/>\t\t\n\t\t<a href=\"https:\/\/frequence-tv.ch\/en\/author\/cominadmin\/\" class=\"author\" rel=\"author\">CominAdmin<\/a>\n\t\t\t\t\t\t\t\t<\/li>\n\t\t\t\t\t\n\t\t\t\t\t\n\t\t\t\t\t\t\t\t\t\t\t\t<\/ul>\n\t\t\t\t\t\t<\/div>\n\t\t\t\t\t\t\t\t\t<div class=\"hovered-social-icons wd-tltp\">\n\t\t\t\t\t\t<div class=\"tooltip top\">\n\t\t\t\t\t\t\t<div class=\"tooltip-arrow\"><\/div>\n\t\t\t\t\t\t\t<div class=\"tooltip-inner\">\n\t\t\t\t\t\t\t\t\t\t\t<div id=\"\" class=\" wd-social-icons  wd-style-default wd-size-small social-share wd-shape-circle color-scheme-light text-center\">\n\t\t\t\t\n\t\t\t\t\n\t\t\t\t\t\t\t\t\t<a rel=\"noopener noreferrer nofollow\" href=\"https:\/\/www.facebook.com\/sharer\/sharer.php?u=https:\/\/frequence-tv.ch\/en\/pourquoi-investir-dans-un-systeme-daffichage-dynamique-pour-votre-entreprise\/\" target=\"_blank\" class=\" wd-social-icon social-facebook\" aria-label=\"Facebook social link\">\n\t\t\t\t\t\t<span class=\"wd-icon\"><\/span>\n\t\t\t\t\t\t\t\t\t\t\t<\/a>\n\t\t\t\t\n\t\t\t\t\t\t\t\t\t<a rel=\"noopener noreferrer nofollow\" href=\"https:\/\/x.com\/share?url=https:\/\/frequence-tv.ch\/en\/pourquoi-investir-dans-un-systeme-daffichage-dynamique-pour-votre-entreprise\/\" target=\"_blank\" class=\" wd-social-icon social-twitter\" aria-label=\"X social link\">\n\t\t\t\t\t\t<span class=\"wd-icon\"><\/span>\n\t\t\t\t\t\t\t\t\t\t\t<\/a>\n\t\t\t\t\n\t\t\t\t\n\t\t\t\t\n\t\t\t\t\n\t\t\t\t\n\t\t\t\t\n\t\t\t\t\t\t\t\t\t<a rel=\"noopener noreferrer nofollow\" href=\"https:\/\/pinterest.com\/pin\/create\/button\/?url=https:\/\/frequence-tv.ch\/en\/pourquoi-investir-dans-un-systeme-daffichage-dynamique-pour-votre-entreprise\/&media=https:\/\/frequence-tv.ch\/wp-content\/uploads\/2024\/12\/FTV.jpg&description=Why+invest+in+a+digital+signage+system+for+your+business%3F\" target=\"_blank\" class=\" wd-social-icon social-pinterest\" aria-label=\"Pinterest social link\">\n\t\t\t\t\t\t<span class=\"wd-icon\"><\/span>\n\t\t\t\t\t\t\t\t\t\t\t<\/a>\n\t\t\t\t\n\t\t\t\t\n\t\t\t\t\t\t\t\t\t<a rel=\"noopener noreferrer nofollow\" href=\"https:\/\/www.linkedin.com\/shareArticle?mini=true&url=https:\/\/frequence-tv.ch\/en\/pourquoi-investir-dans-un-systeme-daffichage-dynamique-pour-votre-entreprise\/\" target=\"_blank\" class=\" wd-social-icon social-linkedin\" aria-label=\"Linkedin social link\">\n\t\t\t\t\t\t<span class=\"wd-icon\"><\/span>\n\t\t\t\t\t\t\t\t\t\t\t<\/a>\n\t\t\t\t\n\t\t\t\t\n\t\t\t\t\n\t\t\t\t\n\t\t\t\t\n\t\t\t\t\n\t\t\t\t\n\t\t\t\t\n\t\t\t\t\n\t\t\t\t\n\t\t\t\t\n\t\t\t\t\n\t\t\t\t\n\t\t\t\t\n\t\t\t\t\n\t\t\t\t\n\t\t\t\t\t\t\t\t\t<a rel=\"noopener noreferrer nofollow\" href=\"https:\/\/telegram.me\/share\/url?url=https:\/\/frequence-tv.ch\/en\/pourquoi-investir-dans-un-systeme-daffichage-dynamique-pour-votre-entreprise\/\" target=\"_blank\" class=\" wd-social-icon social-tg\" aria-label=\"Telegram social link\">\n\t\t\t\t\t\t<span class=\"wd-icon\"><\/span>\n\t\t\t\t\t\t\t\t\t\t\t<\/a>\n\t\t\t\t\n\t\t\t\t\n\t\t\t<\/div>\n\n\t\t\t\t\t\t\t\t\t<\/div>\n\t\t\t\t\t\t<\/div>\n\t\t\t\t\t<\/div>\n\t\t\t\t\t\t\t\n\t\t\t\t\t\t\t\t\t\t\t\t<div class=\"entry-content wd-post-desc\">\n\t\t\t\t\t\tIn a world where communication is evolving at high speed, it is becoming essential for companies to adapt and find effective ways to co...\t\t\t\t\t<\/div>\n\t\t\t\t\n\t\t\t\t\t\t\t\t\t<\/div>\n\t<\/div>\n<\/article>\n\n\n<article id=\"post-6613\" class=\"wd-post blog-design-chess blog-post-loop blog-design-small-images blog-style-bg wd-add-shadow wd-col post-6613 post type-post status-publish format-standard has-post-thumbnail hentry category-frequence-tv-en\">\n\t<div class=\"article-inner\">\n\t\t<header class=\"entry-header\">\n\t\t\t\t\t\t\t<figure class=\"entry-thumbnail\">\n\t\t\t\t\t\t\t\t\t\t\t<div class=\"post-img-wrapp\">\n\t\t\t\t\t\t\t<a href=\"https:\/\/frequence-tv.ch\/en\/les-meilleures-solutions-audiovisuelles-pour-moderniser-vos-salles-de-reunion\/\">\n\t\t\t\t\t\t\t\t<img loading=\"lazy\" decoding=\"async\" width=\"400\" height=\"250\" src=\"https:\/\/frequence-tv.ch\/wp-content\/uploads\/2024\/11\/FTV-scaled-400x250.jpg\" class=\"attachment-400x250 size-400x250\" alt=\"\" \/>\t\t\t\t\t\t\t<\/a>\n\t\t\t\t\t\t<\/div>\n\t\t\t\t\t\t<div class=\"post-image-mask\">\n\t\t\t\t\t\t\t<span><\/span>\n\t\t\t\t\t\t<\/div>\n\t\t\t\t\t\t\t\t\t<\/figure>\n\t\t\t\n\t\t\t\t\t\t<div class=\"wd-post-date wd-style-with-bg\">\n\t\t\t\t<span class=\"post-date-day\">\n\t\t\t\t\t11\t\t\t\t<\/span>\n\t\t\t\t<span class=\"post-date-month\">\n\t\t\t\t\tNov\t\t\t\t<\/span>\n\t\t\t<\/div>\n\t\t\t\t<\/header>\n\n\t\t<div class=\"article-body-container\">\n\t\t\t\t\t\t\t<div class=\"meta-categories-wrapp\">\n\t\t\t\t\t<div class=\"meta-post-categories wd-post-cat wd-style-with-bg\">\n\t\t\t\t\t\t<a href=\"https:\/\/frequence-tv.ch\/en\/category\/frequence-tv-en\/\" rel=\"category tag\">Fr\u00e9quence TV<\/a>\t\t\t\t\t<\/div>\n\t\t\t\t<\/div>\n\t\t\t\n\t\t\t\t\t\t\t<h3 class=\"wd-entities-title title post-title\">\n\t\t\t\t\t<a href=\"https:\/\/frequence-tv.ch\/en\/les-meilleures-solutions-audiovisuelles-pour-moderniser-vos-salles-de-reunion\/\" rel=\"bookmark\">The best audiovisual solutions to modernize your meeting rooms<\/a>\n\t\t\t\t<\/h3>\n\t\t\t\n\t\t\t\t\t\t\t<div class=\"entry-meta wd-entry-meta\">\n\t\t\t\t\t\t\t\t<ul class=\"entry-meta-list\">\n\t\t\t\t\t\t\t\t\t<li class=\"modified-date\">\n\t\t\t\t\t\t\t\t<time class=\"updated\" datetime=\"2024-11-11T21:05:48+00:00\">\n\t\t\tNovember 11, 2024\t\t<\/time>\n\t\t\t\t\t\t\t<\/li>\n\n\t\t\t\t\t\n\t\t\t\t\t\t\t\t\t\t\t<li class=\"meta-author\">\n\t\t\t\t\t\t\t\t\t\t\t\t<span>By<\/span>\n\t\t\n\t\t\t\t\t<img decoding=\"async\" alt='author-avatar' src=\"https:\/\/frequence-tv.ch\/wp-content\/themes\/woodmart\/images\/lazy.svg\" data-src='https:\/\/secure.gravatar.com\/avatar\/cc277e13ee16557651f9e74b657b946e?s=32&#038;d=mm&#038;r=g' srcset=\"\" data-srcset='https:\/\/secure.gravatar.com\/avatar\/cc277e13ee16557651f9e74b657b946e?s=64&#038;d=mm&#038;r=g 2x' class=' wd-lazy-fade avatar avatar-32 photo' height='32' width='32' \/>\t\t\n\t\t<a href=\"https:\/\/frequence-tv.ch\/en\/author\/cominadmin\/\" class=\"author\" rel=\"author\">CominAdmin<\/a>\n\t\t\t\t\t\t\t\t<\/li>\n\t\t\t\t\t\n\t\t\t\t\t\n\t\t\t\t\t\t\t\t\t\t\t\t<\/ul>\n\t\t\t\t\t\t<\/div>\n\t\t\t\t\t\t\t\t\t<div class=\"hovered-social-icons wd-tltp\">\n\t\t\t\t\t\t<div class=\"tooltip top\">\n\t\t\t\t\t\t\t<div class=\"tooltip-arrow\"><\/div>\n\t\t\t\t\t\t\t<div class=\"tooltip-inner\">\n\t\t\t\t\t\t\t\t\t\t\t<div id=\"\" class=\" wd-social-icons  wd-style-default wd-size-small social-share wd-shape-circle color-scheme-light text-center\">\n\t\t\t\t\n\t\t\t\t\n\t\t\t\t\t\t\t\t\t<a rel=\"noopener noreferrer nofollow\" href=\"https:\/\/www.facebook.com\/sharer\/sharer.php?u=https:\/\/frequence-tv.ch\/en\/les-meilleures-solutions-audiovisuelles-pour-moderniser-vos-salles-de-reunion\/\" target=\"_blank\" class=\" wd-social-icon social-facebook\" aria-label=\"Facebook social link\">\n\t\t\t\t\t\t<span class=\"wd-icon\"><\/span>\n\t\t\t\t\t\t\t\t\t\t\t<\/a>\n\t\t\t\t\n\t\t\t\t\t\t\t\t\t<a rel=\"noopener noreferrer nofollow\" href=\"https:\/\/x.com\/share?url=https:\/\/frequence-tv.ch\/en\/les-meilleures-solutions-audiovisuelles-pour-moderniser-vos-salles-de-reunion\/\" target=\"_blank\" class=\" wd-social-icon social-twitter\" aria-label=\"X social link\">\n\t\t\t\t\t\t<span class=\"wd-icon\"><\/span>\n\t\t\t\t\t\t\t\t\t\t\t<\/a>\n\t\t\t\t\n\t\t\t\t\n\t\t\t\t\n\t\t\t\t\n\t\t\t\t\n\t\t\t\t\n\t\t\t\t\t\t\t\t\t<a rel=\"noopener noreferrer nofollow\" href=\"https:\/\/pinterest.com\/pin\/create\/button\/?url=https:\/\/frequence-tv.ch\/en\/les-meilleures-solutions-audiovisuelles-pour-moderniser-vos-salles-de-reunion\/&media=https:\/\/frequence-tv.ch\/wp-content\/uploads\/2024\/11\/FTV-scaled.jpg&description=The+best+audiovisual+solutions+to+modernize+your+meeting+rooms\" target=\"_blank\" class=\" wd-social-icon social-pinterest\" aria-label=\"Pinterest social link\">\n\t\t\t\t\t\t<span class=\"wd-icon\"><\/span>\n\t\t\t\t\t\t\t\t\t\t\t<\/a>\n\t\t\t\t\n\t\t\t\t\n\t\t\t\t\t\t\t\t\t<a rel=\"noopener noreferrer nofollow\" href=\"https:\/\/www.linkedin.com\/shareArticle?mini=true&url=https:\/\/frequence-tv.ch\/en\/les-meilleures-solutions-audiovisuelles-pour-moderniser-vos-salles-de-reunion\/\" target=\"_blank\" class=\" wd-social-icon social-linkedin\" aria-label=\"Linkedin social link\">\n\t\t\t\t\t\t<span class=\"wd-icon\"><\/span>\n\t\t\t\t\t\t\t\t\t\t\t<\/a>\n\t\t\t\t\n\t\t\t\t\n\t\t\t\t\n\t\t\t\t\n\t\t\t\t\n\t\t\t\t\n\t\t\t\t\n\t\t\t\t\n\t\t\t\t\n\t\t\t\t\n\t\t\t\t\n\t\t\t\t\n\t\t\t\t\n\t\t\t\t\n\t\t\t\t\n\t\t\t\t\n\t\t\t\t\t\t\t\t\t<a rel=\"noopener noreferrer nofollow\" href=\"https:\/\/telegram.me\/share\/url?url=https:\/\/frequence-tv.ch\/en\/les-meilleures-solutions-audiovisuelles-pour-moderniser-vos-salles-de-reunion\/\" target=\"_blank\" class=\" wd-social-icon social-tg\" aria-label=\"Telegram social link\">\n\t\t\t\t\t\t<span class=\"wd-icon\"><\/span>\n\t\t\t\t\t\t\t\t\t\t\t<\/a>\n\t\t\t\t\n\t\t\t\t\n\t\t\t<\/div>\n\n\t\t\t\t\t\t\t\t\t<\/div>\n\t\t\t\t\t\t<\/div>\n\t\t\t\t\t<\/div>\n\t\t\t\t\t\t\t\n\t\t\t\t\t\t\t\t\t\t\t\t<div class=\"entry-content wd-post-desc\">\n\t\t\t\t\t\tIn an increasingly connected world, meeting rooms must evolve to adapt to the new demands of modern businesses. Implementing high-perfo...\t\t\t\t\t<\/div>\n\t\t\t\t\n\t\t\t\t\t\t\t\t\t<\/div>\n\t<\/div>\n<\/article>\n\n\n<article id=\"post-6602\" class=\"wd-post blog-design-chess blog-post-loop blog-design-small-images blog-style-bg wd-add-shadow wd-col post-6602 post type-post status-publish format-standard has-post-thumbnail hentry category-frequence-tv-en\">\n\t<div class=\"article-inner\">\n\t\t<header class=\"entry-header\">\n\t\t\t\t\t\t\t<figure class=\"entry-thumbnail\">\n\t\t\t\t\t\t\t\t\t\t\t<div class=\"post-img-wrapp\">\n\t\t\t\t\t\t\t<a href=\"https:\/\/frequence-tv.ch\/en\/comment-la-domotique-revolutionne-le-secteur-de-lhotellerie\/\">\n\t\t\t\t\t\t\t\t<img loading=\"lazy\" decoding=\"async\" width=\"400\" height=\"250\" src=\"https:\/\/frequence-tv.ch\/wp-content\/uploads\/2024\/10\/FTV-1-400x250.png\" class=\"attachment-400x250 size-400x250\" alt=\"\" \/>\t\t\t\t\t\t\t<\/a>\n\t\t\t\t\t\t<\/div>\n\t\t\t\t\t\t<div class=\"post-image-mask\">\n\t\t\t\t\t\t\t<span><\/span>\n\t\t\t\t\t\t<\/div>\n\t\t\t\t\t\t\t\t\t<\/figure>\n\t\t\t\n\t\t\t\t\t\t<div class=\"wd-post-date wd-style-with-bg\">\n\t\t\t\t<span class=\"post-date-day\">\n\t\t\t\t\t22\t\t\t\t<\/span>\n\t\t\t\t<span class=\"post-date-month\">\n\t\t\t\t\tOct\t\t\t\t<\/span>\n\t\t\t<\/div>\n\t\t\t\t<\/header>\n\n\t\t<div class=\"article-body-container\">\n\t\t\t\t\t\t\t<div class=\"meta-categories-wrapp\">\n\t\t\t\t\t<div class=\"meta-post-categories wd-post-cat wd-style-with-bg\">\n\t\t\t\t\t\t<a href=\"https:\/\/frequence-tv.ch\/en\/category\/frequence-tv-en\/\" rel=\"category tag\">Fr\u00e9quence TV<\/a>\t\t\t\t\t<\/div>\n\t\t\t\t<\/div>\n\t\t\t\n\t\t\t\t\t\t\t<h3 class=\"wd-entities-title title post-title\">\n\t\t\t\t\t<a href=\"https:\/\/frequence-tv.ch\/en\/comment-la-domotique-revolutionne-le-secteur-de-lhotellerie\/\" rel=\"bookmark\">How home automation is revolutionizing the hospitality industry<\/a>\n\t\t\t\t<\/h3>\n\t\t\t\n\t\t\t\t\t\t\t<div class=\"entry-meta wd-entry-meta\">\n\t\t\t\t\t\t\t\t<ul class=\"entry-meta-list\">\n\t\t\t\t\t\t\t\t\t<li class=\"modified-date\">\n\t\t\t\t\t\t\t\t<time class=\"updated\" datetime=\"2024-10-22T20:42:24+00:00\">\n\t\t\tOctober 22, 2024\t\t<\/time>\n\t\t\t\t\t\t\t<\/li>\n\n\t\t\t\t\t\n\t\t\t\t\t\t\t\t\t\t\t<li class=\"meta-author\">\n\t\t\t\t\t\t\t\t\t\t\t\t<span>By<\/span>\n\t\t\n\t\t\t\t\t<img decoding=\"async\" alt='author-avatar' src=\"https:\/\/frequence-tv.ch\/wp-content\/themes\/woodmart\/images\/lazy.svg\" data-src='https:\/\/secure.gravatar.com\/avatar\/cc277e13ee16557651f9e74b657b946e?s=32&#038;d=mm&#038;r=g' srcset=\"\" data-srcset='https:\/\/secure.gravatar.com\/avatar\/cc277e13ee16557651f9e74b657b946e?s=64&#038;d=mm&#038;r=g 2x' class=' wd-lazy-fade avatar avatar-32 photo' height='32' width='32' \/>\t\t\n\t\t<a href=\"https:\/\/frequence-tv.ch\/en\/author\/cominadmin\/\" class=\"author\" rel=\"author\">CominAdmin<\/a>\n\t\t\t\t\t\t\t\t<\/li>\n\t\t\t\t\t\n\t\t\t\t\t\n\t\t\t\t\t\t\t\t\t\t\t\t<\/ul>\n\t\t\t\t\t\t<\/div>\n\t\t\t\t\t\t\t\t\t<div class=\"hovered-social-icons wd-tltp\">\n\t\t\t\t\t\t<div class=\"tooltip top\">\n\t\t\t\t\t\t\t<div class=\"tooltip-arrow\"><\/div>\n\t\t\t\t\t\t\t<div class=\"tooltip-inner\">\n\t\t\t\t\t\t\t\t\t\t\t<div id=\"\" class=\" wd-social-icons  wd-style-default wd-size-small social-share wd-shape-circle color-scheme-light text-center\">\n\t\t\t\t\n\t\t\t\t\n\t\t\t\t\t\t\t\t\t<a rel=\"noopener noreferrer nofollow\" href=\"https:\/\/www.facebook.com\/sharer\/sharer.php?u=https:\/\/frequence-tv.ch\/en\/comment-la-domotique-revolutionne-le-secteur-de-lhotellerie\/\" target=\"_blank\" class=\" wd-social-icon social-facebook\" aria-label=\"Facebook social link\">\n\t\t\t\t\t\t<span class=\"wd-icon\"><\/span>\n\t\t\t\t\t\t\t\t\t\t\t<\/a>\n\t\t\t\t\n\t\t\t\t\t\t\t\t\t<a rel=\"noopener noreferrer nofollow\" href=\"https:\/\/x.com\/share?url=https:\/\/frequence-tv.ch\/en\/comment-la-domotique-revolutionne-le-secteur-de-lhotellerie\/\" target=\"_blank\" class=\" wd-social-icon social-twitter\" aria-label=\"X social link\">\n\t\t\t\t\t\t<span class=\"wd-icon\"><\/span>\n\t\t\t\t\t\t\t\t\t\t\t<\/a>\n\t\t\t\t\n\t\t\t\t\n\t\t\t\t\n\t\t\t\t\n\t\t\t\t\n\t\t\t\t\n\t\t\t\t\t\t\t\t\t<a rel=\"noopener noreferrer nofollow\" href=\"https:\/\/pinterest.com\/pin\/create\/button\/?url=https:\/\/frequence-tv.ch\/en\/comment-la-domotique-revolutionne-le-secteur-de-lhotellerie\/&media=https:\/\/frequence-tv.ch\/wp-content\/uploads\/2024\/10\/FTV-1.png&description=How+home+automation+is+revolutionizing+the+hospitality+industry\" target=\"_blank\" class=\" wd-social-icon social-pinterest\" aria-label=\"Pinterest social link\">\n\t\t\t\t\t\t<span class=\"wd-icon\"><\/span>\n\t\t\t\t\t\t\t\t\t\t\t<\/a>\n\t\t\t\t\n\t\t\t\t\n\t\t\t\t\t\t\t\t\t<a rel=\"noopener noreferrer nofollow\" href=\"https:\/\/www.linkedin.com\/shareArticle?mini=true&url=https:\/\/frequence-tv.ch\/en\/comment-la-domotique-revolutionne-le-secteur-de-lhotellerie\/\" target=\"_blank\" class=\" wd-social-icon social-linkedin\" aria-label=\"Linkedin social link\">\n\t\t\t\t\t\t<span class=\"wd-icon\"><\/span>\n\t\t\t\t\t\t\t\t\t\t\t<\/a>\n\t\t\t\t\n\t\t\t\t\n\t\t\t\t\n\t\t\t\t\n\t\t\t\t\n\t\t\t\t\n\t\t\t\t\n\t\t\t\t\n\t\t\t\t\n\t\t\t\t\n\t\t\t\t\n\t\t\t\t\n\t\t\t\t\n\t\t\t\t\n\t\t\t\t\n\t\t\t\t\n\t\t\t\t\t\t\t\t\t<a rel=\"noopener noreferrer nofollow\" href=\"https:\/\/telegram.me\/share\/url?url=https:\/\/frequence-tv.ch\/en\/comment-la-domotique-revolutionne-le-secteur-de-lhotellerie\/\" target=\"_blank\" class=\" wd-social-icon social-tg\" aria-label=\"Telegram social link\">\n\t\t\t\t\t\t<span class=\"wd-icon\"><\/span>\n\t\t\t\t\t\t\t\t\t\t\t<\/a>\n\t\t\t\t\n\t\t\t\t\n\t\t\t<\/div>\n\n\t\t\t\t\t\t\t\t\t<\/div>\n\t\t\t\t\t\t<\/div>\n\t\t\t\t\t<\/div>\n\t\t\t\t\t\t\t\n\t\t\t\t\t\t\t\t\t\t\t\t<div class=\"entry-content wd-post-desc\">\n\t\t\t\t\t\tThe hospitality industry is undergoing a transformation, driven by changing customer expectations and technological advances. Among the...\t\t\t\t\t<\/div>\n\t\t\t\t\n\t\t\t\t\t\t\t\t\t<\/div>\n\t<\/div>\n<\/article>\n\n\n<article id=\"post-6585\" class=\"wd-post blog-design-chess blog-post-loop blog-design-small-images blog-style-bg wd-add-shadow wd-col post-6585 post type-post status-publish format-standard has-post-thumbnail hentry category-frequence-tv-en\">\n\t<div class=\"article-inner\">\n\t\t<header class=\"entry-header\">\n\t\t\t\t\t\t\t<figure class=\"entry-thumbnail\">\n\t\t\t\t\t\t\t\t\t\t\t<div class=\"post-img-wrapp\">\n\t\t\t\t\t\t\t<a href=\"https:\/\/frequence-tv.ch\/en\/vivez-un-ete-connecte-avec-frequence-tv-solutions-audiovisuelles-et-domotiques-pour-entreprises-et-hotels\/\">\n\t\t\t\t\t\t\t\t<img loading=\"lazy\" decoding=\"async\" width=\"400\" height=\"250\" src=\"https:\/\/frequence-tv.ch\/wp-content\/uploads\/2024\/08\/Aout-FTV-1-400x250.jpg\" class=\"attachment-400x250 size-400x250\" alt=\"\" \/>\t\t\t\t\t\t\t<\/a>\n\t\t\t\t\t\t<\/div>\n\t\t\t\t\t\t<div class=\"post-image-mask\">\n\t\t\t\t\t\t\t<span><\/span>\n\t\t\t\t\t\t<\/div>\n\t\t\t\t\t\t\t\t\t<\/figure>\n\t\t\t\n\t\t\t\t\t\t<div class=\"wd-post-date wd-style-with-bg\">\n\t\t\t\t<span class=\"post-date-day\">\n\t\t\t\t\t21\t\t\t\t<\/span>\n\t\t\t\t<span class=\"post-date-month\">\n\t\t\t\t\tAug\t\t\t\t<\/span>\n\t\t\t<\/div>\n\t\t\t\t<\/header>\n\n\t\t<div class=\"article-body-container\">\n\t\t\t\t\t\t\t<div class=\"meta-categories-wrapp\">\n\t\t\t\t\t<div class=\"meta-post-categories wd-post-cat wd-style-with-bg\">\n\t\t\t\t\t\t<a href=\"https:\/\/frequence-tv.ch\/en\/category\/frequence-tv-en\/\" rel=\"category tag\">Fr\u00e9quence TV<\/a>\t\t\t\t\t<\/div>\n\t\t\t\t<\/div>\n\t\t\t\n\t\t\t\t\t\t\t<h3 class=\"wd-entities-title title post-title\">\n\t\t\t\t\t<a href=\"https:\/\/frequence-tv.ch\/en\/vivez-un-ete-connecte-avec-frequence-tv-solutions-audiovisuelles-et-domotiques-pour-entreprises-et-hotels\/\" rel=\"bookmark\">Experience a connected summer with Fr\u00e9quence TV: Audiovisual and home automation solutions for businesses and hotels<\/a>\n\t\t\t\t<\/h3>\n\t\t\t\n\t\t\t\t\t\t\t<div class=\"entry-meta wd-entry-meta\">\n\t\t\t\t\t\t\t\t<ul class=\"entry-meta-list\">\n\t\t\t\t\t\t\t\t\t<li class=\"modified-date\">\n\t\t\t\t\t\t\t\t<time class=\"updated\" datetime=\"2024-08-21T11:28:25+00:00\">\n\t\t\tAugust 21, 2024\t\t<\/time>\n\t\t\t\t\t\t\t<\/li>\n\n\t\t\t\t\t\n\t\t\t\t\t\t\t\t\t\t\t<li class=\"meta-author\">\n\t\t\t\t\t\t\t\t\t\t\t\t<span>By<\/span>\n\t\t\n\t\t\t\t\t<img decoding=\"async\" alt='author-avatar' src=\"https:\/\/frequence-tv.ch\/wp-content\/themes\/woodmart\/images\/lazy.svg\" data-src='https:\/\/secure.gravatar.com\/avatar\/cc277e13ee16557651f9e74b657b946e?s=32&#038;d=mm&#038;r=g' srcset=\"\" data-srcset='https:\/\/secure.gravatar.com\/avatar\/cc277e13ee16557651f9e74b657b946e?s=64&#038;d=mm&#038;r=g 2x' class=' wd-lazy-fade avatar avatar-32 photo' height='32' width='32' \/>\t\t\n\t\t<a href=\"https:\/\/frequence-tv.ch\/en\/author\/cominadmin\/\" class=\"author\" rel=\"author\">CominAdmin<\/a>\n\t\t\t\t\t\t\t\t<\/li>\n\t\t\t\t\t\n\t\t\t\t\t\n\t\t\t\t\t\t\t\t\t\t\t\t<\/ul>\n\t\t\t\t\t\t<\/div>\n\t\t\t\t\t\t\t\t\t<div class=\"hovered-social-icons wd-tltp\">\n\t\t\t\t\t\t<div class=\"tooltip top\">\n\t\t\t\t\t\t\t<div class=\"tooltip-arrow\"><\/div>\n\t\t\t\t\t\t\t<div class=\"tooltip-inner\">\n\t\t\t\t\t\t\t\t\t\t\t<div id=\"\" class=\" wd-social-icons  wd-style-default wd-size-small social-share wd-shape-circle color-scheme-light text-center\">\n\t\t\t\t\n\t\t\t\t\n\t\t\t\t\t\t\t\t\t<a rel=\"noopener noreferrer nofollow\" href=\"https:\/\/www.facebook.com\/sharer\/sharer.php?u=https:\/\/frequence-tv.ch\/en\/vivez-un-ete-connecte-avec-frequence-tv-solutions-audiovisuelles-et-domotiques-pour-entreprises-et-hotels\/\" target=\"_blank\" class=\" wd-social-icon social-facebook\" aria-label=\"Facebook social link\">\n\t\t\t\t\t\t<span class=\"wd-icon\"><\/span>\n\t\t\t\t\t\t\t\t\t\t\t<\/a>\n\t\t\t\t\n\t\t\t\t\t\t\t\t\t<a rel=\"noopener noreferrer nofollow\" href=\"https:\/\/x.com\/share?url=https:\/\/frequence-tv.ch\/en\/vivez-un-ete-connecte-avec-frequence-tv-solutions-audiovisuelles-et-domotiques-pour-entreprises-et-hotels\/\" target=\"_blank\" class=\" wd-social-icon social-twitter\" aria-label=\"X social link\">\n\t\t\t\t\t\t<span class=\"wd-icon\"><\/span>\n\t\t\t\t\t\t\t\t\t\t\t<\/a>\n\t\t\t\t\n\t\t\t\t\n\t\t\t\t\n\t\t\t\t\n\t\t\t\t\n\t\t\t\t\n\t\t\t\t\t\t\t\t\t<a rel=\"noopener noreferrer nofollow\" href=\"https:\/\/pinterest.com\/pin\/create\/button\/?url=https:\/\/frequence-tv.ch\/en\/vivez-un-ete-connecte-avec-frequence-tv-solutions-audiovisuelles-et-domotiques-pour-entreprises-et-hotels\/&media=https:\/\/frequence-tv.ch\/wp-content\/uploads\/2024\/08\/Aout-FTV-1.jpg&description=Experience+a+connected+summer+with+Fr%C3%A9quence+TV%3A+Audiovisual+and+home+automation+solutions+for+businesses+and+hotels\" target=\"_blank\" class=\" wd-social-icon social-pinterest\" aria-label=\"Pinterest social link\">\n\t\t\t\t\t\t<span class=\"wd-icon\"><\/span>\n\t\t\t\t\t\t\t\t\t\t\t<\/a>\n\t\t\t\t\n\t\t\t\t\n\t\t\t\t\t\t\t\t\t<a rel=\"noopener noreferrer nofollow\" href=\"https:\/\/www.linkedin.com\/shareArticle?mini=true&url=https:\/\/frequence-tv.ch\/en\/vivez-un-ete-connecte-avec-frequence-tv-solutions-audiovisuelles-et-domotiques-pour-entreprises-et-hotels\/\" target=\"_blank\" class=\" wd-social-icon social-linkedin\" aria-label=\"Linkedin social link\">\n\t\t\t\t\t\t<span class=\"wd-icon\"><\/span>\n\t\t\t\t\t\t\t\t\t\t\t<\/a>\n\t\t\t\t\n\t\t\t\t\n\t\t\t\t\n\t\t\t\t\n\t\t\t\t\n\t\t\t\t\n\t\t\t\t\n\t\t\t\t\n\t\t\t\t\n\t\t\t\t\n\t\t\t\t\n\t\t\t\t\n\t\t\t\t\n\t\t\t\t\n\t\t\t\t\n\t\t\t\t\n\t\t\t\t\t\t\t\t\t<a rel=\"noopener noreferrer nofollow\" href=\"https:\/\/telegram.me\/share\/url?url=https:\/\/frequence-tv.ch\/en\/vivez-un-ete-connecte-avec-frequence-tv-solutions-audiovisuelles-et-domotiques-pour-entreprises-et-hotels\/\" target=\"_blank\" class=\" wd-social-icon social-tg\" aria-label=\"Telegram social link\">\n\t\t\t\t\t\t<span class=\"wd-icon\"><\/span>\n\t\t\t\t\t\t\t\t\t\t\t<\/a>\n\t\t\t\t\n\t\t\t\t\n\t\t\t<\/div>\n\n\t\t\t\t\t\t\t\t\t<\/div>\n\t\t\t\t\t\t<\/div>\n\t\t\t\t\t<\/div>\n\t\t\t\t\t\t\t\n\t\t\t\t\t\t\t\t\t\t\t\t<div class=\"entry-content wd-post-desc\">\n\t\t\t\t\t\tSummer is here, and with it, the desire to fully enjoy moments of relaxation and conviviality. Whether in a professional setting or dur...\t\t\t\t\t<\/div>\n\t\t\t\t\n\t\t\t\t\t\t\t\t\t<\/div>\n\t<\/div>\n<\/article>\n\n\n<article id=\"post-6572\" class=\"wd-post blog-design-chess blog-post-loop blog-design-small-images blog-style-bg wd-add-shadow wd-col post-6572 post type-post status-publish format-standard has-post-thumbnail hentry category-frequence-tv-en\">\n\t<div class=\"article-inner\">\n\t\t<header class=\"entry-header\">\n\t\t\t\t\t\t\t<figure class=\"entry-thumbnail\">\n\t\t\t\t\t\t\t\t\t\t\t<div class=\"post-img-wrapp\">\n\t\t\t\t\t\t\t<a href=\"https:\/\/frequence-tv.ch\/en\/les-tendances-actuelles-en-matiere-de-systemes-audiovisuels-pour-les-entreprises\/\">\n\t\t\t\t\t\t\t\t<img loading=\"lazy\" decoding=\"async\" width=\"400\" height=\"250\" src=\"https:\/\/frequence-tv.ch\/wp-content\/uploads\/2024\/07\/FTV-1-JUILLET-scaled-400x250.jpg\" class=\"attachment-400x250 size-400x250\" alt=\"\" \/>\t\t\t\t\t\t\t<\/a>\n\t\t\t\t\t\t<\/div>\n\t\t\t\t\t\t<div class=\"post-image-mask\">\n\t\t\t\t\t\t\t<span><\/span>\n\t\t\t\t\t\t<\/div>\n\t\t\t\t\t\t\t\t\t<\/figure>\n\t\t\t\n\t\t\t\t\t\t<div class=\"wd-post-date wd-style-with-bg\">\n\t\t\t\t<span class=\"post-date-day\">\n\t\t\t\t\t11\t\t\t\t<\/span>\n\t\t\t\t<span class=\"post-date-month\">\n\t\t\t\t\tJul\t\t\t\t<\/span>\n\t\t\t<\/div>\n\t\t\t\t<\/header>\n\n\t\t<div class=\"article-body-container\">\n\t\t\t\t\t\t\t<div class=\"meta-categories-wrapp\">\n\t\t\t\t\t<div class=\"meta-post-categories wd-post-cat wd-style-with-bg\">\n\t\t\t\t\t\t<a href=\"https:\/\/frequence-tv.ch\/en\/category\/frequence-tv-en\/\" rel=\"category tag\">Fr\u00e9quence TV<\/a>\t\t\t\t\t<\/div>\n\t\t\t\t<\/div>\n\t\t\t\n\t\t\t\t\t\t\t<h3 class=\"wd-entities-title title post-title\">\n\t\t\t\t\t<a href=\"https:\/\/frequence-tv.ch\/en\/les-tendances-actuelles-en-matiere-de-systemes-audiovisuels-pour-les-entreprises\/\" rel=\"bookmark\">Current Trends in Business AV Systems<\/a>\n\t\t\t\t<\/h3>\n\t\t\t\n\t\t\t\t\t\t\t<div class=\"entry-meta wd-entry-meta\">\n\t\t\t\t\t\t\t\t<ul class=\"entry-meta-list\">\n\t\t\t\t\t\t\t\t\t<li class=\"modified-date\">\n\t\t\t\t\t\t\t\t<time class=\"updated\" datetime=\"2024-07-11T21:14:49+00:00\">\n\t\t\tJuly 11, 2024\t\t<\/time>\n\t\t\t\t\t\t\t<\/li>\n\n\t\t\t\t\t\n\t\t\t\t\t\t\t\t\t\t\t<li class=\"meta-author\">\n\t\t\t\t\t\t\t\t\t\t\t\t<span>By<\/span>\n\t\t\n\t\t\t\t\t<img decoding=\"async\" alt='author-avatar' src=\"https:\/\/frequence-tv.ch\/wp-content\/themes\/woodmart\/images\/lazy.svg\" data-src='https:\/\/secure.gravatar.com\/avatar\/cc277e13ee16557651f9e74b657b946e?s=32&#038;d=mm&#038;r=g' srcset=\"\" data-srcset='https:\/\/secure.gravatar.com\/avatar\/cc277e13ee16557651f9e74b657b946e?s=64&#038;d=mm&#038;r=g 2x' class=' wd-lazy-fade avatar avatar-32 photo' height='32' width='32' \/>\t\t\n\t\t<a href=\"https:\/\/frequence-tv.ch\/en\/author\/cominadmin\/\" class=\"author\" rel=\"author\">CominAdmin<\/a>\n\t\t\t\t\t\t\t\t<\/li>\n\t\t\t\t\t\n\t\t\t\t\t\n\t\t\t\t\t\t\t\t\t\t\t\t<\/ul>\n\t\t\t\t\t\t<\/div>\n\t\t\t\t\t\t\t\t\t<div class=\"hovered-social-icons wd-tltp\">\n\t\t\t\t\t\t<div class=\"tooltip top\">\n\t\t\t\t\t\t\t<div class=\"tooltip-arrow\"><\/div>\n\t\t\t\t\t\t\t<div class=\"tooltip-inner\">\n\t\t\t\t\t\t\t\t\t\t\t<div id=\"\" class=\" wd-social-icons  wd-style-default wd-size-small social-share wd-shape-circle color-scheme-light text-center\">\n\t\t\t\t\n\t\t\t\t\n\t\t\t\t\t\t\t\t\t<a rel=\"noopener noreferrer nofollow\" href=\"https:\/\/www.facebook.com\/sharer\/sharer.php?u=https:\/\/frequence-tv.ch\/en\/les-tendances-actuelles-en-matiere-de-systemes-audiovisuels-pour-les-entreprises\/\" target=\"_blank\" class=\" wd-social-icon social-facebook\" aria-label=\"Facebook social link\">\n\t\t\t\t\t\t<span class=\"wd-icon\"><\/span>\n\t\t\t\t\t\t\t\t\t\t\t<\/a>\n\t\t\t\t\n\t\t\t\t\t\t\t\t\t<a rel=\"noopener noreferrer nofollow\" href=\"https:\/\/x.com\/share?url=https:\/\/frequence-tv.ch\/en\/les-tendances-actuelles-en-matiere-de-systemes-audiovisuels-pour-les-entreprises\/\" target=\"_blank\" class=\" wd-social-icon social-twitter\" aria-label=\"X social link\">\n\t\t\t\t\t\t<span class=\"wd-icon\"><\/span>\n\t\t\t\t\t\t\t\t\t\t\t<\/a>\n\t\t\t\t\n\t\t\t\t\n\t\t\t\t\n\t\t\t\t\n\t\t\t\t\n\t\t\t\t\n\t\t\t\t\t\t\t\t\t<a rel=\"noopener noreferrer nofollow\" href=\"https:\/\/pinterest.com\/pin\/create\/button\/?url=https:\/\/frequence-tv.ch\/en\/les-tendances-actuelles-en-matiere-de-systemes-audiovisuels-pour-les-entreprises\/&media=https:\/\/frequence-tv.ch\/wp-content\/uploads\/2024\/07\/FTV-1-JUILLET-scaled.jpg&description=Current+Trends+in+Business+AV+Systems\" target=\"_blank\" class=\" wd-social-icon social-pinterest\" aria-label=\"Pinterest social link\">\n\t\t\t\t\t\t<span class=\"wd-icon\"><\/span>\n\t\t\t\t\t\t\t\t\t\t\t<\/a>\n\t\t\t\t\n\t\t\t\t\n\t\t\t\t\t\t\t\t\t<a rel=\"noopener noreferrer nofollow\" href=\"https:\/\/www.linkedin.com\/shareArticle?mini=true&url=https:\/\/frequence-tv.ch\/en\/les-tendances-actuelles-en-matiere-de-systemes-audiovisuels-pour-les-entreprises\/\" target=\"_blank\" class=\" wd-social-icon social-linkedin\" aria-label=\"Linkedin social link\">\n\t\t\t\t\t\t<span class=\"wd-icon\"><\/span>\n\t\t\t\t\t\t\t\t\t\t\t<\/a>\n\t\t\t\t\n\t\t\t\t\n\t\t\t\t\n\t\t\t\t\n\t\t\t\t\n\t\t\t\t\n\t\t\t\t\n\t\t\t\t\n\t\t\t\t\n\t\t\t\t\n\t\t\t\t\n\t\t\t\t\n\t\t\t\t\n\t\t\t\t\n\t\t\t\t\n\t\t\t\t\n\t\t\t\t\t\t\t\t\t<a rel=\"noopener noreferrer nofollow\" href=\"https:\/\/telegram.me\/share\/url?url=https:\/\/frequence-tv.ch\/en\/les-tendances-actuelles-en-matiere-de-systemes-audiovisuels-pour-les-entreprises\/\" target=\"_blank\" class=\" wd-social-icon social-tg\" aria-label=\"Telegram social link\">\n\t\t\t\t\t\t<span class=\"wd-icon\"><\/span>\n\t\t\t\t\t\t\t\t\t\t\t<\/a>\n\t\t\t\t\n\t\t\t\t\n\t\t\t<\/div>\n\n\t\t\t\t\t\t\t\t\t<\/div>\n\t\t\t\t\t\t<\/div>\n\t\t\t\t\t<\/div>\n\t\t\t\t\t\t\t\n\t\t\t\t\t\t\t\t\t\t\t\t<div class=\"entry-content wd-post-desc\">\n\t\t\t\t\t\tIn a world where technology is evolving at lightning speed, businesses must stay ahead of the curve to maintain their competitiveness. ...\t\t\t\t\t<\/div>\n\t\t\t\t\n\t\t\t\t\t\t\t\t\t<\/div>\n\t<\/div>\n<\/article>\n\n\n<article id=\"post-6552\" class=\"wd-post blog-design-chess blog-post-loop blog-design-small-images blog-style-bg wd-add-shadow wd-col post-6552 post type-post status-publish format-standard has-post-thumbnail hentry category-frequence-tv-en\">\n\t<div class=\"article-inner\">\n\t\t<header class=\"entry-header\">\n\t\t\t\t\t\t\t<figure class=\"entry-thumbnail\">\n\t\t\t\t\t\t\t\t\t\t\t<div class=\"post-img-wrapp\">\n\t\t\t\t\t\t\t<a href=\"https:\/\/frequence-tv.ch\/en\/frequence-tv-20-ans-dexcellence-dans-lintegration-audiovisuelle-en-suisse\/\">\n\t\t\t\t\t\t\t\t<img loading=\"lazy\" decoding=\"async\" width=\"400\" height=\"250\" src=\"https:\/\/frequence-tv.ch\/wp-content\/uploads\/2024\/06\/sdaf243-1w-400x250.png\" class=\"attachment-400x250 size-400x250\" alt=\"\" \/>\t\t\t\t\t\t\t<\/a>\n\t\t\t\t\t\t<\/div>\n\t\t\t\t\t\t<div class=\"post-image-mask\">\n\t\t\t\t\t\t\t<span><\/span>\n\t\t\t\t\t\t<\/div>\n\t\t\t\t\t\t\t\t\t<\/figure>\n\t\t\t\n\t\t\t\t\t\t<div class=\"wd-post-date wd-style-with-bg\">\n\t\t\t\t<span class=\"post-date-day\">\n\t\t\t\t\t05\t\t\t\t<\/span>\n\t\t\t\t<span class=\"post-date-month\">\n\t\t\t\t\tJun\t\t\t\t<\/span>\n\t\t\t<\/div>\n\t\t\t\t<\/header>\n\n\t\t<div class=\"article-body-container\">\n\t\t\t\t\t\t\t<div class=\"meta-categories-wrapp\">\n\t\t\t\t\t<div class=\"meta-post-categories wd-post-cat wd-style-with-bg\">\n\t\t\t\t\t\t<a href=\"https:\/\/frequence-tv.ch\/en\/category\/frequence-tv-en\/\" rel=\"category tag\">Fr\u00e9quence TV<\/a>\t\t\t\t\t<\/div>\n\t\t\t\t<\/div>\n\t\t\t\n\t\t\t\t\t\t\t<h3 class=\"wd-entities-title title post-title\">\n\t\t\t\t\t<a href=\"https:\/\/frequence-tv.ch\/en\/frequence-tv-20-ans-dexcellence-dans-lintegration-audiovisuelle-en-suisse\/\" rel=\"bookmark\">TV Frequency: 20 years of Excellence in Audiovisual Integration in Switzerland.<\/a>\n\t\t\t\t<\/h3>\n\t\t\t\n\t\t\t\t\t\t\t<div class=\"entry-meta wd-entry-meta\">\n\t\t\t\t\t\t\t\t<ul class=\"entry-meta-list\">\n\t\t\t\t\t\t\t\t\t<li class=\"modified-date\">\n\t\t\t\t\t\t\t\t<time class=\"updated\" datetime=\"2024-06-05T21:05:42+00:00\">\n\t\t\tJune 5, 2024\t\t<\/time>\n\t\t\t\t\t\t\t<\/li>\n\n\t\t\t\t\t\n\t\t\t\t\t\t\t\t\t\t\t<li class=\"meta-author\">\n\t\t\t\t\t\t\t\t\t\t\t\t<span>By<\/span>\n\t\t\n\t\t\t\t\t<img decoding=\"async\" alt='author-avatar' src=\"https:\/\/frequence-tv.ch\/wp-content\/themes\/woodmart\/images\/lazy.svg\" data-src='https:\/\/secure.gravatar.com\/avatar\/cc277e13ee16557651f9e74b657b946e?s=32&#038;d=mm&#038;r=g' srcset=\"\" data-srcset='https:\/\/secure.gravatar.com\/avatar\/cc277e13ee16557651f9e74b657b946e?s=64&#038;d=mm&#038;r=g 2x' class=' wd-lazy-fade avatar avatar-32 photo' height='32' width='32' \/>\t\t\n\t\t<a href=\"https:\/\/frequence-tv.ch\/en\/author\/cominadmin\/\" class=\"author\" rel=\"author\">CominAdmin<\/a>\n\t\t\t\t\t\t\t\t<\/li>\n\t\t\t\t\t\n\t\t\t\t\t\n\t\t\t\t\t\t\t\t\t\t\t\t<\/ul>\n\t\t\t\t\t\t<\/div>\n\t\t\t\t\t\t\t\t\t<div class=\"hovered-social-icons wd-tltp\">\n\t\t\t\t\t\t<div class=\"tooltip top\">\n\t\t\t\t\t\t\t<div class=\"tooltip-arrow\"><\/div>\n\t\t\t\t\t\t\t<div class=\"tooltip-inner\">\n\t\t\t\t\t\t\t\t\t\t\t<div id=\"\" class=\" wd-social-icons  wd-style-default wd-size-small social-share wd-shape-circle color-scheme-light text-center\">\n\t\t\t\t\n\t\t\t\t\n\t\t\t\t\t\t\t\t\t<a rel=\"noopener noreferrer nofollow\" href=\"https:\/\/www.facebook.com\/sharer\/sharer.php?u=https:\/\/frequence-tv.ch\/en\/frequence-tv-20-ans-dexcellence-dans-lintegration-audiovisuelle-en-suisse\/\" target=\"_blank\" class=\" wd-social-icon social-facebook\" aria-label=\"Facebook social link\">\n\t\t\t\t\t\t<span class=\"wd-icon\"><\/span>\n\t\t\t\t\t\t\t\t\t\t\t<\/a>\n\t\t\t\t\n\t\t\t\t\t\t\t\t\t<a rel=\"noopener noreferrer nofollow\" href=\"https:\/\/x.com\/share?url=https:\/\/frequence-tv.ch\/en\/frequence-tv-20-ans-dexcellence-dans-lintegration-audiovisuelle-en-suisse\/\" target=\"_blank\" class=\" wd-social-icon social-twitter\" aria-label=\"X social link\">\n\t\t\t\t\t\t<span class=\"wd-icon\"><\/span>\n\t\t\t\t\t\t\t\t\t\t\t<\/a>\n\t\t\t\t\n\t\t\t\t\n\t\t\t\t\n\t\t\t\t\n\t\t\t\t\n\t\t\t\t\n\t\t\t\t\t\t\t\t\t<a rel=\"noopener noreferrer nofollow\" href=\"https:\/\/pinterest.com\/pin\/create\/button\/?url=https:\/\/frequence-tv.ch\/en\/frequence-tv-20-ans-dexcellence-dans-lintegration-audiovisuelle-en-suisse\/&media=https:\/\/frequence-tv.ch\/wp-content\/uploads\/2024\/06\/sdaf243-1w.png&description=TV+Frequency%3A+20+years+of+Excellence+in+Audiovisual+Integration+in+Switzerland.\" target=\"_blank\" class=\" wd-social-icon social-pinterest\" aria-label=\"Pinterest social link\">\n\t\t\t\t\t\t<span class=\"wd-icon\"><\/span>\n\t\t\t\t\t\t\t\t\t\t\t<\/a>\n\t\t\t\t\n\t\t\t\t\n\t\t\t\t\t\t\t\t\t<a rel=\"noopener noreferrer nofollow\" href=\"https:\/\/www.linkedin.com\/shareArticle?mini=true&url=https:\/\/frequence-tv.ch\/en\/frequence-tv-20-ans-dexcellence-dans-lintegration-audiovisuelle-en-suisse\/\" target=\"_blank\" class=\" wd-social-icon social-linkedin\" aria-label=\"Linkedin social link\">\n\t\t\t\t\t\t<span class=\"wd-icon\"><\/span>\n\t\t\t\t\t\t\t\t\t\t\t<\/a>\n\t\t\t\t\n\t\t\t\t\n\t\t\t\t\n\t\t\t\t\n\t\t\t\t\n\t\t\t\t\n\t\t\t\t\n\t\t\t\t\n\t\t\t\t\n\t\t\t\t\n\t\t\t\t\n\t\t\t\t\n\t\t\t\t\n\t\t\t\t\n\t\t\t\t\n\t\t\t\t\n\t\t\t\t\t\t\t\t\t<a rel=\"noopener noreferrer nofollow\" href=\"https:\/\/telegram.me\/share\/url?url=https:\/\/frequence-tv.ch\/en\/frequence-tv-20-ans-dexcellence-dans-lintegration-audiovisuelle-en-suisse\/\" target=\"_blank\" class=\" wd-social-icon social-tg\" aria-label=\"Telegram social link\">\n\t\t\t\t\t\t<span class=\"wd-icon\"><\/span>\n\t\t\t\t\t\t\t\t\t\t\t<\/a>\n\t\t\t\t\n\t\t\t\t\n\t\t\t<\/div>\n\n\t\t\t\t\t\t\t\t\t<\/div>\n\t\t\t\t\t\t<\/div>\n\t\t\t\t\t<\/div>\n\t\t\t\t\t\t\t\n\t\t\t\t\t\t\t\t\t\t\t\t<div class=\"entry-content wd-post-desc\">\n\t\t\t\t\t\tA Success Story of Two Decades\r\n\r\nSince its creation 20 years ago, Fr\u00e9quence TV has left its mark on the audiovisual integration indust...\t\t\t\t\t<\/div>\n\t\t\t\t\n\t\t\t\t\t\t\t\t\t<\/div>\n\t<\/div>\n<\/article>\n\n\n<article id=\"post-6541\" class=\"wd-post blog-design-chess blog-post-loop blog-design-small-images blog-style-bg wd-add-shadow wd-col post-6541 post type-post status-publish format-standard has-post-thumbnail hentry category-frequence-tv-en\">\n\t<div class=\"article-inner\">\n\t\t<header class=\"entry-header\">\n\t\t\t\t\t\t\t<figure class=\"entry-thumbnail\">\n\t\t\t\t\t\t\t\t\t\t\t<div class=\"post-img-wrapp\">\n\t\t\t\t\t\t\t<a href=\"https:\/\/frequence-tv.ch\/en\/optimisez-votre-strategie-marketing-avec-frequence-tv-notre-partenaire-crestron-pour-le-succes-residentiel\/\">\n\t\t\t\t\t\t\t\t<img loading=\"lazy\" decoding=\"async\" width=\"400\" height=\"250\" src=\"https:\/\/frequence-tv.ch\/wp-content\/uploads\/2024\/05\/FTV-MAI--400x250.jpg\" class=\"attachment-400x250 size-400x250\" alt=\"\" \/>\t\t\t\t\t\t\t<\/a>\n\t\t\t\t\t\t<\/div>\n\t\t\t\t\t\t<div class=\"post-image-mask\">\n\t\t\t\t\t\t\t<span><\/span>\n\t\t\t\t\t\t<\/div>\n\t\t\t\t\t\t\t\t\t<\/figure>\n\t\t\t\n\t\t\t\t\t\t<div class=\"wd-post-date wd-style-with-bg\">\n\t\t\t\t<span class=\"post-date-day\">\n\t\t\t\t\t07\t\t\t\t<\/span>\n\t\t\t\t<span class=\"post-date-month\">\n\t\t\t\t\tMay\t\t\t\t<\/span>\n\t\t\t<\/div>\n\t\t\t\t<\/header>\n\n\t\t<div class=\"article-body-container\">\n\t\t\t\t\t\t\t<div class=\"meta-categories-wrapp\">\n\t\t\t\t\t<div class=\"meta-post-categories wd-post-cat wd-style-with-bg\">\n\t\t\t\t\t\t<a href=\"https:\/\/frequence-tv.ch\/en\/category\/frequence-tv-en\/\" rel=\"category tag\">Fr\u00e9quence TV<\/a>\t\t\t\t\t<\/div>\n\t\t\t\t<\/div>\n\t\t\t\n\t\t\t\t\t\t\t<h3 class=\"wd-entities-title title post-title\">\n\t\t\t\t\t<a href=\"https:\/\/frequence-tv.ch\/en\/optimisez-votre-strategie-marketing-avec-frequence-tv-notre-partenaire-crestron-pour-le-succes-residentiel\/\" rel=\"bookmark\">Optimize Your Marketing Strategy with Frequency TV: Our Crestron Partner for Residential Success<\/a>\n\t\t\t\t<\/h3>\n\t\t\t\n\t\t\t\t\t\t\t<div class=\"entry-meta wd-entry-meta\">\n\t\t\t\t\t\t\t\t<ul class=\"entry-meta-list\">\n\t\t\t\t\t\t\t\t\t<li class=\"modified-date\">\n\t\t\t\t\t\t\t\t<time class=\"updated\" datetime=\"2024-05-07T21:56:32+00:00\">\n\t\t\tMay 7, 2024\t\t<\/time>\n\t\t\t\t\t\t\t<\/li>\n\n\t\t\t\t\t\n\t\t\t\t\t\t\t\t\t\t\t<li class=\"meta-author\">\n\t\t\t\t\t\t\t\t\t\t\t\t<span>By<\/span>\n\t\t\n\t\t\t\t\t<img decoding=\"async\" alt='author-avatar' src=\"https:\/\/frequence-tv.ch\/wp-content\/themes\/woodmart\/images\/lazy.svg\" data-src='https:\/\/secure.gravatar.com\/avatar\/cc277e13ee16557651f9e74b657b946e?s=32&#038;d=mm&#038;r=g' srcset=\"\" data-srcset='https:\/\/secure.gravatar.com\/avatar\/cc277e13ee16557651f9e74b657b946e?s=64&#038;d=mm&#038;r=g 2x' class=' wd-lazy-fade avatar avatar-32 photo' height='32' width='32' \/>\t\t\n\t\t<a href=\"https:\/\/frequence-tv.ch\/en\/author\/cominadmin\/\" class=\"author\" rel=\"author\">CominAdmin<\/a>\n\t\t\t\t\t\t\t\t<\/li>\n\t\t\t\t\t\n\t\t\t\t\t\n\t\t\t\t\t\t\t\t\t\t\t\t<\/ul>\n\t\t\t\t\t\t<\/div>\n\t\t\t\t\t\t\t\t\t<div class=\"hovered-social-icons wd-tltp\">\n\t\t\t\t\t\t<div class=\"tooltip top\">\n\t\t\t\t\t\t\t<div class=\"tooltip-arrow\"><\/div>\n\t\t\t\t\t\t\t<div class=\"tooltip-inner\">\n\t\t\t\t\t\t\t\t\t\t\t<div id=\"\" class=\" wd-social-icons  wd-style-default wd-size-small social-share wd-shape-circle color-scheme-light text-center\">\n\t\t\t\t\n\t\t\t\t\n\t\t\t\t\t\t\t\t\t<a rel=\"noopener noreferrer nofollow\" href=\"https:\/\/www.facebook.com\/sharer\/sharer.php?u=https:\/\/frequence-tv.ch\/en\/optimisez-votre-strategie-marketing-avec-frequence-tv-notre-partenaire-crestron-pour-le-succes-residentiel\/\" target=\"_blank\" class=\" wd-social-icon social-facebook\" aria-label=\"Facebook social link\">\n\t\t\t\t\t\t<span class=\"wd-icon\"><\/span>\n\t\t\t\t\t\t\t\t\t\t\t<\/a>\n\t\t\t\t\n\t\t\t\t\t\t\t\t\t<a rel=\"noopener noreferrer nofollow\" href=\"https:\/\/x.com\/share?url=https:\/\/frequence-tv.ch\/en\/optimisez-votre-strategie-marketing-avec-frequence-tv-notre-partenaire-crestron-pour-le-succes-residentiel\/\" target=\"_blank\" class=\" wd-social-icon social-twitter\" aria-label=\"X social link\">\n\t\t\t\t\t\t<span class=\"wd-icon\"><\/span>\n\t\t\t\t\t\t\t\t\t\t\t<\/a>\n\t\t\t\t\n\t\t\t\t\n\t\t\t\t\n\t\t\t\t\n\t\t\t\t\n\t\t\t\t\n\t\t\t\t\t\t\t\t\t<a rel=\"noopener noreferrer nofollow\" href=\"https:\/\/pinterest.com\/pin\/create\/button\/?url=https:\/\/frequence-tv.ch\/en\/optimisez-votre-strategie-marketing-avec-frequence-tv-notre-partenaire-crestron-pour-le-succes-residentiel\/&media=https:\/\/frequence-tv.ch\/wp-content\/uploads\/2024\/05\/FTV-MAI-.jpg&description=Optimize+Your+Marketing+Strategy+with+Frequency+TV%3A+Our+Crestron+Partner+for+Residential+Success\" target=\"_blank\" class=\" wd-social-icon social-pinterest\" aria-label=\"Pinterest social link\">\n\t\t\t\t\t\t<span class=\"wd-icon\"><\/span>\n\t\t\t\t\t\t\t\t\t\t\t<\/a>\n\t\t\t\t\n\t\t\t\t\n\t\t\t\t\t\t\t\t\t<a rel=\"noopener noreferrer nofollow\" href=\"https:\/\/www.linkedin.com\/shareArticle?mini=true&url=https:\/\/frequence-tv.ch\/en\/optimisez-votre-strategie-marketing-avec-frequence-tv-notre-partenaire-crestron-pour-le-succes-residentiel\/\" target=\"_blank\" class=\" wd-social-icon social-linkedin\" aria-label=\"Linkedin social link\">\n\t\t\t\t\t\t<span class=\"wd-icon\"><\/span>\n\t\t\t\t\t\t\t\t\t\t\t<\/a>\n\t\t\t\t\n\t\t\t\t\n\t\t\t\t\n\t\t\t\t\n\t\t\t\t\n\t\t\t\t\n\t\t\t\t\n\t\t\t\t\n\t\t\t\t\n\t\t\t\t\n\t\t\t\t\n\t\t\t\t\n\t\t\t\t\n\t\t\t\t\n\t\t\t\t\n\t\t\t\t\n\t\t\t\t\t\t\t\t\t<a rel=\"noopener noreferrer nofollow\" href=\"https:\/\/telegram.me\/share\/url?url=https:\/\/frequence-tv.ch\/en\/optimisez-votre-strategie-marketing-avec-frequence-tv-notre-partenaire-crestron-pour-le-succes-residentiel\/\" target=\"_blank\" class=\" wd-social-icon social-tg\" aria-label=\"Telegram social link\">\n\t\t\t\t\t\t<span class=\"wd-icon\"><\/span>\n\t\t\t\t\t\t\t\t\t\t\t<\/a>\n\t\t\t\t\n\t\t\t\t\n\t\t\t<\/div>\n\n\t\t\t\t\t\t\t\t\t<\/div>\n\t\t\t\t\t\t<\/div>\n\t\t\t\t\t<\/div>\n\t\t\t\t\t\t\t\n\t\t\t\t\t\t\t\t\t\t\t\t<div class=\"entry-content wd-post-desc\">\n\t\t\t\t\t\tWelcome to the exclusive marketing support portal of Fr\u00e9quence TV, your essential ally in the residential sector! In this article, let'...\t\t\t\t\t<\/div>\n\t\t\t\t\n\t\t\t\t\t\t\t\t\t<\/div>\n\t<\/div>\n<\/article>\n\n\n<article id=\"post-6527\" class=\"wd-post blog-design-chess blog-post-loop blog-design-small-images blog-style-bg wd-add-shadow wd-col post-6527 post type-post status-publish format-standard has-post-thumbnail hentry category-frequence-tv-en\">\n\t<div class=\"article-inner\">\n\t\t<header class=\"entry-header\">\n\t\t\t\t\t\t\t<figure class=\"entry-thumbnail\">\n\t\t\t\t\t\t\t\t\t\t\t<div class=\"post-img-wrapp\">\n\t\t\t\t\t\t\t<a href=\"https:\/\/frequence-tv.ch\/en\/eclairage-de-qualite-et-automatisation-des-stores-frequence-tv-etend-son-partenariat-avec-le-leader-mondial-lutron\/\">\n\t\t\t\t\t\t\t\t<img loading=\"lazy\" decoding=\"async\" width=\"400\" height=\"250\" src=\"https:\/\/frequence-tv.ch\/wp-content\/uploads\/2024\/04\/Picture132-1-400x250.png\" class=\"attachment-400x250 size-400x250\" alt=\"\" \/>\t\t\t\t\t\t\t<\/a>\n\t\t\t\t\t\t<\/div>\n\t\t\t\t\t\t<div class=\"post-image-mask\">\n\t\t\t\t\t\t\t<span><\/span>\n\t\t\t\t\t\t<\/div>\n\t\t\t\t\t\t\t\t\t<\/figure>\n\t\t\t\n\t\t\t\t\t\t<div class=\"wd-post-date wd-style-with-bg\">\n\t\t\t\t<span class=\"post-date-day\">\n\t\t\t\t\t12\t\t\t\t<\/span>\n\t\t\t\t<span class=\"post-date-month\">\n\t\t\t\t\tApr\t\t\t\t<\/span>\n\t\t\t<\/div>\n\t\t\t\t<\/header>\n\n\t\t<div class=\"article-body-container\">\n\t\t\t\t\t\t\t<div class=\"meta-categories-wrapp\">\n\t\t\t\t\t<div class=\"meta-post-categories wd-post-cat wd-style-with-bg\">\n\t\t\t\t\t\t<a href=\"https:\/\/frequence-tv.ch\/en\/category\/frequence-tv-en\/\" rel=\"category tag\">Fr\u00e9quence TV<\/a>\t\t\t\t\t<\/div>\n\t\t\t\t<\/div>\n\t\t\t\n\t\t\t\t\t\t\t<h3 class=\"wd-entities-title title post-title\">\n\t\t\t\t\t<a href=\"https:\/\/frequence-tv.ch\/en\/eclairage-de-qualite-et-automatisation-des-stores-frequence-tv-etend-son-partenariat-avec-le-leader-mondial-lutron\/\" rel=\"bookmark\">\u00c9clairage de qualit\u00e9 et automatisation des stores : Fr\u00e9quence TV \u00e9tend son partenariat avec le leader mondial Lutron<\/a>\n\t\t\t\t<\/h3>\n\t\t\t\n\t\t\t\t\t\t\t<div class=\"entry-meta wd-entry-meta\">\n\t\t\t\t\t\t\t\t<ul class=\"entry-meta-list\">\n\t\t\t\t\t\t\t\t\t<li class=\"modified-date\">\n\t\t\t\t\t\t\t\t<time class=\"updated\" datetime=\"2024-04-12T14:14:50+00:00\">\n\t\t\tApril 12, 2024\t\t<\/time>\n\t\t\t\t\t\t\t<\/li>\n\n\t\t\t\t\t\n\t\t\t\t\t\t\t\t\t\t\t<li class=\"meta-author\">\n\t\t\t\t\t\t\t\t\t\t\t\t<span>By<\/span>\n\t\t\n\t\t\t\t\t<img decoding=\"async\" alt='author-avatar' src=\"https:\/\/frequence-tv.ch\/wp-content\/themes\/woodmart\/images\/lazy.svg\" data-src='https:\/\/secure.gravatar.com\/avatar\/cc277e13ee16557651f9e74b657b946e?s=32&#038;d=mm&#038;r=g' srcset=\"\" data-srcset='https:\/\/secure.gravatar.com\/avatar\/cc277e13ee16557651f9e74b657b946e?s=64&#038;d=mm&#038;r=g 2x' class=' wd-lazy-fade avatar avatar-32 photo' height='32' width='32' \/>\t\t\n\t\t<a href=\"https:\/\/frequence-tv.ch\/en\/author\/cominadmin\/\" class=\"author\" rel=\"author\">CominAdmin<\/a>\n\t\t\t\t\t\t\t\t<\/li>\n\t\t\t\t\t\n\t\t\t\t\t\n\t\t\t\t\t\t\t\t\t\t\t\t<\/ul>\n\t\t\t\t\t\t<\/div>\n\t\t\t\t\t\t\t\t\t<div class=\"hovered-social-icons wd-tltp\">\n\t\t\t\t\t\t<div class=\"tooltip top\">\n\t\t\t\t\t\t\t<div class=\"tooltip-arrow\"><\/div>\n\t\t\t\t\t\t\t<div class=\"tooltip-inner\">\n\t\t\t\t\t\t\t\t\t\t\t<div id=\"\" class=\" wd-social-icons  wd-style-default wd-size-small social-share wd-shape-circle color-scheme-light text-center\">\n\t\t\t\t\n\t\t\t\t\n\t\t\t\t\t\t\t\t\t<a rel=\"noopener noreferrer nofollow\" href=\"https:\/\/www.facebook.com\/sharer\/sharer.php?u=https:\/\/frequence-tv.ch\/en\/eclairage-de-qualite-et-automatisation-des-stores-frequence-tv-etend-son-partenariat-avec-le-leader-mondial-lutron\/\" target=\"_blank\" class=\" wd-social-icon social-facebook\" aria-label=\"Facebook social link\">\n\t\t\t\t\t\t<span class=\"wd-icon\"><\/span>\n\t\t\t\t\t\t\t\t\t\t\t<\/a>\n\t\t\t\t\n\t\t\t\t\t\t\t\t\t<a rel=\"noopener noreferrer nofollow\" href=\"https:\/\/x.com\/share?url=https:\/\/frequence-tv.ch\/en\/eclairage-de-qualite-et-automatisation-des-stores-frequence-tv-etend-son-partenariat-avec-le-leader-mondial-lutron\/\" target=\"_blank\" class=\" wd-social-icon social-twitter\" aria-label=\"X social link\">\n\t\t\t\t\t\t<span class=\"wd-icon\"><\/span>\n\t\t\t\t\t\t\t\t\t\t\t<\/a>\n\t\t\t\t\n\t\t\t\t\n\t\t\t\t\n\t\t\t\t\n\t\t\t\t\n\t\t\t\t\n\t\t\t\t\t\t\t\t\t<a rel=\"noopener noreferrer nofollow\" href=\"https:\/\/pinterest.com\/pin\/create\/button\/?url=https:\/\/frequence-tv.ch\/en\/eclairage-de-qualite-et-automatisation-des-stores-frequence-tv-etend-son-partenariat-avec-le-leader-mondial-lutron\/&media=https:\/\/frequence-tv.ch\/wp-content\/uploads\/2024\/04\/Picture132-1.png&description=%C3%89clairage+de+qualit%C3%A9+et+automatisation+des+stores+%3A+Fr%C3%A9quence+TV+%C3%A9tend+son+partenariat+avec+le+leader+mondial+Lutron\" target=\"_blank\" class=\" wd-social-icon social-pinterest\" aria-label=\"Pinterest social link\">\n\t\t\t\t\t\t<span class=\"wd-icon\"><\/span>\n\t\t\t\t\t\t\t\t\t\t\t<\/a>\n\t\t\t\t\n\t\t\t\t\n\t\t\t\t\t\t\t\t\t<a rel=\"noopener noreferrer nofollow\" href=\"https:\/\/www.linkedin.com\/shareArticle?mini=true&url=https:\/\/frequence-tv.ch\/en\/eclairage-de-qualite-et-automatisation-des-stores-frequence-tv-etend-son-partenariat-avec-le-leader-mondial-lutron\/\" target=\"_blank\" class=\" wd-social-icon social-linkedin\" aria-label=\"Linkedin social link\">\n\t\t\t\t\t\t<span class=\"wd-icon\"><\/span>\n\t\t\t\t\t\t\t\t\t\t\t<\/a>\n\t\t\t\t\n\t\t\t\t\n\t\t\t\t\n\t\t\t\t\n\t\t\t\t\n\t\t\t\t\n\t\t\t\t\n\t\t\t\t\n\t\t\t\t\n\t\t\t\t\n\t\t\t\t\n\t\t\t\t\n\t\t\t\t\n\t\t\t\t\n\t\t\t\t\n\t\t\t\t\n\t\t\t\t\t\t\t\t\t<a rel=\"noopener noreferrer nofollow\" href=\"https:\/\/telegram.me\/share\/url?url=https:\/\/frequence-tv.ch\/en\/eclairage-de-qualite-et-automatisation-des-stores-frequence-tv-etend-son-partenariat-avec-le-leader-mondial-lutron\/\" target=\"_blank\" class=\" wd-social-icon social-tg\" aria-label=\"Telegram social link\">\n\t\t\t\t\t\t<span class=\"wd-icon\"><\/span>\n\t\t\t\t\t\t\t\t\t\t\t<\/a>\n\t\t\t\t\n\t\t\t\t\n\t\t\t<\/div>\n\n\t\t\t\t\t\t\t\t\t<\/div>\n\t\t\t\t\t\t<\/div>\n\t\t\t\t\t<\/div>\n\t\t\t\t\t\t\t\n\t\t\t\t\t\t\t\t\t\t\t\t<div class=\"entry-content wd-post-desc\">\n\t\t\t\t\t\tChez Fr\u00e9quence TV, nous sommes fiers d'affirmer notre engagement continu dans notre partenariat avec Lutron, le leader mondial en mati\u00e8...\t\t\t\t\t<\/div>\n\t\t\t\t\n\t\t\t\t\t\t\t\t\t<\/div>\n\t<\/div>\n<\/article>\n\n<\/div>\t\t\t    \t<div class=\"wd-loop-footer blog-footer\">\n\t\t\t    \t\t\t\t\t\t\t\t    \t\t\t\t\t\t    \t\t\t\t\t\t    \t\t\t\t\t\t\t\t\t\t\t\t\t\t    \t\t\t\t\t\t    \t\t\t\t\t\t\t<a href=\"#\" data-holder-id=\"wd-69ee36f3b108c\" rel=\"nofollow noopener\" class=\"btn wd-load-more wd-blog-load-more load-on-scroll\"><span class=\"load-more-label\">Load more posts<\/span><\/a>\n\t\t\t\t\t\t\t<div class=\"btn wd-load-more wd-load-more-loader\"><span class=\"load-more-loading\">Loading...<\/span><\/div>\n\t\t    \t\t\t\t\t\t    \t<\/div>\n\t\t\t    <\/div>[\/vc_column][\/vc_row]<\/p>\n<\/div>","protected":false},"excerpt":{"rendered":"<p>[vc_row css=&#8221;.vc_custom_1496928548785{margin-top: 4vh !important;margin-bottom: 8vh !important;}&#8221;][vc_column offset=&#8221;vc_col-lg-offset-3 vc_col-lg-6 vc_col-md-offset-3 vc_col-md-6&#8243;][vc_custom_heading text=&#8221;Blog&#8221; font_container=&#8221;tag:h5|font_size:48|text_align:center&#8221; use_theme_fonts=&#8221;yes&#8221; css=&#8221;.vc_custom_1683132867016{margin-bottom: 10px !important;}&#8221;][\/vc_column][\/vc_row][vc_row][vc_column][\/vc_column][\/vc_row]<\/p>\n","protected":false},"author":1,"featured_media":0,"parent":0,"menu_order":0,"comment_status":"closed","ping_status":"closed","template":"","meta":{"footnotes":""},"class_list":["post-6309","page","type-page","status-publish","hentry"],"aioseo_notices":[],"_links":{"self":[{"href":"https:\/\/frequence-tv.ch\/en\/wp-json\/wp\/v2\/pages\/6309","targetHints":{"allow":["GET"]}}],"collection":[{"href":"https:\/\/frequence-tv.ch\/en\/wp-json\/wp\/v2\/pages"}],"about":[{"href":"https:\/\/frequence-tv.ch\/en\/wp-json\/wp\/v2\/types\/page"}],"author":[{"embeddable":true,"href":"https:\/\/frequence-tv.ch\/en\/wp-json\/wp\/v2\/users\/1"}],"replies":[{"embeddable":true,"href":"https:\/\/frequence-tv.ch\/en\/wp-json\/wp\/v2\/comments?post=6309"}],"version-history":[{"count":3,"href":"https:\/\/frequence-tv.ch\/en\/wp-json\/wp\/v2\/pages\/6309\/revisions"}],"predecessor-version":[{"id":6663,"href":"https:\/\/frequence-tv.ch\/en\/wp-json\/wp\/v2\/pages\/6309\/revisions\/6663"}],"wp:attachment":[{"href":"https:\/\/frequence-tv.ch\/en\/wp-json\/wp\/v2\/media?parent=6309"}],"curies":[{"name":"wp","href":"https:\/\/api.w.org\/{rel}","templated":true}]}}